{"id":147,"date":"2016-09-11T13:12:56","date_gmt":"2016-09-11T16:12:56","guid":{"rendered":"http:\/\/joseluisvittori.com\/?page_id=147"},"modified":"2017-07-08T10:33:49","modified_gmt":"2017-07-08T13:33:49","slug":"el-tiempo-y-los-suenos","status":"publish","type":"page","link":"http:\/\/joseluisvittori.com\/?page_id=147","title":{"rendered":"&#8220;El tiempo y los sue\u00f1os&#8221;"},"content":{"rendered":"<p><em><img loading=\"lazy\" decoding=\"async\" class=\" wp-image-148 alignleft\" src=\"http:\/\/joseluisvittori.com\/wp-content\/uploads\/2016\/09\/El-tiempo-y-los-sue\u00f1os.jpg\" alt=\"El tiempo y los sue\u00f1os\" width=\"386\" height=\"573\" srcset=\"http:\/\/joseluisvittori.com\/wp-content\/uploads\/2016\/09\/El-tiempo-y-los-sue\u00f1os.jpg 1147w, http:\/\/joseluisvittori.com\/wp-content\/uploads\/2016\/09\/El-tiempo-y-los-sue\u00f1os-202x300.jpg 202w, http:\/\/joseluisvittori.com\/wp-content\/uploads\/2016\/09\/El-tiempo-y-los-sue\u00f1os-768x1139.jpg 768w, http:\/\/joseluisvittori.com\/wp-content\/uploads\/2016\/09\/El-tiempo-y-los-sue\u00f1os-690x1024.jpg 690w, http:\/\/joseluisvittori.com\/wp-content\/uploads\/2016\/09\/El-tiempo-y-los-sue\u00f1os-830x1231.jpg 830w, http:\/\/joseluisvittori.com\/wp-content\/uploads\/2016\/09\/El-tiempo-y-los-sue\u00f1os-230x341.jpg 230w, http:\/\/joseluisvittori.com\/wp-content\/uploads\/2016\/09\/El-tiempo-y-los-sue\u00f1os-350x519.jpg 350w, http:\/\/joseluisvittori.com\/wp-content\/uploads\/2016\/09\/El-tiempo-y-los-sue\u00f1os-480x712.jpg 480w\" sizes=\"(max-width: 386px) 100vw, 386px\" \/>&#8220;\u00bfQu\u00e9 ocurrir\u00eda si el tiempo calendario se astillara como un espejo?&#8221;. A la angustiosa pregunta del cablero, el jefe del servicio informativo contesta, dudando: &#8220;Supongo que la secuencia de los sue\u00f1os tambi\u00e9n se quebrar\u00eda&#8230; En lugar de una historia \u00fanica, tendr\u00edamos muchas, pa\u00edses vecinos en diferentes edades, no s\u00e9&#8230; un calidoscopio&#8221;.<\/em><\/p>\n<p><em>El di\u00e1logo condensa el argumento de estas narraciones fant\u00e1sticas. En ella, el tiempo y los sue\u00f1os se alternan en contrapunto. Distintos planos de realidad configuran un mundo desquiciado en el que se juega el extra\u00f1o destino de las criaturas. &#8220;Enloquecido el tiempo, se podr\u00eda esperar cualquier sorpresa&#8221; -piensa el protagonista. \u00bfRealidad o ficci\u00f3n?<\/em><\/p>\n<p><em>El poeta Luis Ricardo Castani escribi\u00f3 que &#8220;en la narrativa de Jos\u00e9 Luis V\u00edttori, se conjugan distintos planos de experiencia y de conciencia, lo vivido y lo intuido, la realidad y la ficci\u00f3n, la historia y la leyenda, en un complejo mundo narrativo cuyas fuentes se remontan a los asombros de la infancia, la trama fant\u00e1stica de los sue\u00f1os, los rumbos sin tiempo de la memoria personal y colectiva; un mundo m\u00e1gicamente alterado en sus secuencias causales por rodeos, estancamientos, rupturas e inmanencias, y po\u00e9ticamente sugerido por un entrecruzamiento de s\u00edmbolos&#8221;. Palabras v\u00e1lidas para los cuentos que componen este libro.<\/em><\/p>\n<p>&nbsp;<\/p>\n<p><span style=\"color: #808080;\"> FICHA:<\/span><br \/>\n<span style=\"color: #808080;\"> Autor\/es: V\u00edttori, Jos\u00e9 Luis<\/span><br \/>\n<span style=\"color: #808080;\"> Publicado: Editorial Vinciguerra. A\u00f1o: 1998<\/span><br \/>\n<span style=\"color: #808080;\"> ISBN: 950-843-324-8<\/span><br \/>\n<span style=\"color: #808080;\"> Tipo:\u00a0Cuentos<\/span><br \/>\n<span style=\"color: #808080;\"> P\u00e1ginas: 223<\/span><br \/>\n<span style=\"color: #808080;\"> Idioma: Espa\u00f1ol<\/span><\/p>\n<p>&nbsp;<\/p>\n<p>Cuentos online de este libro:<\/p>\n<p><a href=\"http:\/\/joseluisvittori.com\/wp-content\/uploads\/2016\/09\/El-lugar-1.pdf\" target=\"_blank\" rel=\"\">El lugar<\/a><\/p>\n<p><a href=\"http:\/\/joseluisvittori.com\/wp-content\/uploads\/2016\/09\/El-profesional-1.pdf\" target=\"_blank\" rel=\"\">El profesional<\/a><\/p>\n<p>&nbsp;<\/p>\n<p>Adquirir este libro en\u00a0<a href=\"http:\/\/www.lagatasibilah.com\/index.php\/product\/el-tiempo-y-los-suenos\/\" target=\"_blank\">La Gata Sibilah &#8211; Librer\u00eda online<\/a>.<\/p>\n","protected":false},"excerpt":{"rendered":"<p>&#8220;\u00bfQu\u00e9 ocurrir\u00eda si el tiempo calendario se astillara como un espejo?&#8221;. A la angustiosa pregunta del cablero, el jefe del servicio informativo contesta, dudando: &#8220;Supongo que la secuencia de los sue\u00f1os tambi\u00e9n se quebrar\u00eda&#8230; En lugar de una historia \u00fanica, tendr\u00edamos muchas, pa\u00edses vecinos en diferentes edades, no s\u00e9&#8230; un calidoscopio&#8221;. El di\u00e1logo condensa el [&hellip;]<\/p>\n","protected":false},"author":1,"featured_media":0,"parent":18,"menu_order":0,"comment_status":"closed","ping_status":"closed","template":"page-templates\/page_fullwidth.php","meta":{"footnotes":""},"_links":{"self":[{"href":"http:\/\/joseluisvittori.com\/index.php?rest_route=\/wp\/v2\/pages\/147"}],"collection":[{"href":"http:\/\/joseluisvittori.com\/index.php?rest_route=\/wp\/v2\/pages"}],"about":[{"href":"http:\/\/joseluisvittori.com\/index.php?rest_route=\/wp\/v2\/types\/page"}],"author":[{"embeddable":true,"href":"http:\/\/joseluisvittori.com\/index.php?rest_route=\/wp\/v2\/users\/1"}],"replies":[{"embeddable":true,"href":"http:\/\/joseluisvittori.com\/index.php?rest_route=%2Fwp%2Fv2%2Fcomments&post=147"}],"version-history":[{"count":6,"href":"http:\/\/joseluisvittori.com\/index.php?rest_route=\/wp\/v2\/pages\/147\/revisions"}],"predecessor-version":[{"id":399,"href":"http:\/\/joseluisvittori.com\/index.php?rest_route=\/wp\/v2\/pages\/147\/revisions\/399"}],"up":[{"embeddable":true,"href":"http:\/\/joseluisvittori.com\/index.php?rest_route=\/wp\/v2\/pages\/18"}],"wp:attachment":[{"href":"http:\/\/joseluisvittori.com\/index.php?rest_route=%2Fwp%2Fv2%2Fmedia&parent=147"}],"curies":[{"name":"wp","href":"https:\/\/api.w.org\/{rel}","templated":true}]}}