{"id":190,"date":"2016-09-12T11:05:51","date_gmt":"2016-09-12T14:05:51","guid":{"rendered":"http:\/\/joseluisvittori.com\/?page_id=190"},"modified":"2016-10-13T19:41:03","modified_gmt":"2016-10-13T22:41:03","slug":"cuentos-del-rio","status":"publish","type":"page","link":"http:\/\/joseluisvittori.com\/?page_id=190","title":{"rendered":"&#8220;Cuentos del r\u00edo&#8221;"},"content":{"rendered":"<p><em><img loading=\"lazy\" decoding=\"async\" class=\"alignleft wp-image-192\" src=\"http:\/\/joseluisvittori.com\/wp-content\/uploads\/2016\/09\/VITTORI-Cuentos-del-rio.jpg\" alt=\"VITTORI Cuentos del rio\" width=\"490\" height=\"497\" srcset=\"http:\/\/joseluisvittori.com\/wp-content\/uploads\/2016\/09\/VITTORI-Cuentos-del-rio.jpg 1449w, http:\/\/joseluisvittori.com\/wp-content\/uploads\/2016\/09\/VITTORI-Cuentos-del-rio-296x300.jpg 296w, http:\/\/joseluisvittori.com\/wp-content\/uploads\/2016\/09\/VITTORI-Cuentos-del-rio-768x780.jpg 768w, http:\/\/joseluisvittori.com\/wp-content\/uploads\/2016\/09\/VITTORI-Cuentos-del-rio-1009x1024.jpg 1009w, http:\/\/joseluisvittori.com\/wp-content\/uploads\/2016\/09\/VITTORI-Cuentos-del-rio-830x843.jpg 830w, http:\/\/joseluisvittori.com\/wp-content\/uploads\/2016\/09\/VITTORI-Cuentos-del-rio-230x233.jpg 230w, http:\/\/joseluisvittori.com\/wp-content\/uploads\/2016\/09\/VITTORI-Cuentos-del-rio-350x355.jpg 350w, http:\/\/joseluisvittori.com\/wp-content\/uploads\/2016\/09\/VITTORI-Cuentos-del-rio-480x487.jpg 480w\" sizes=\"(max-width: 490px) 100vw, 490px\" \/>&#8220;Las tres primeras piezas que componen este volumen -&#8216;La Paraguaya&#8217;, &#8216;El pagar\u00e9&#8217; y &#8216;Venganza&#8217;-, fueron publicadas por primera vez con el t\u00edtulo de &#8216;Tres cuentos del r\u00edo&#8217;, en la colecci\u00f3n de Cuadernos de la revista Gaceta Literaria de Santa Fe (N\u00ba 13, octubre de 1985) con el concurso de la Fundaci\u00f3n Banco Bica, hoy agotada.<\/em><\/p>\n<p><em>&#8216;El Cristero&#8217;, la cuarta narraci\u00f3n que incluimos en este libro en raz\u00f3n de su afinidad de sentido y ambiente con las anteriores, se edit\u00f3 en la revista &#8216;Megaf\u00f3n&#8217; del Centro de Estudios Latinoamericanos, al cuidado de Graciela Maturo.<\/em><\/p>\n<p><em>Nos ha parecido oportuno reunirlas con el solo t\u00edtulo com\u00fan de &#8216;Cuentos del r\u00edo&#8217;, pensando que las cuatro narraciones configuran en intenci\u00f3n y realizaci\u00f3n una unidad de tiempo y lugar, con personajes que retornan, extra\u00eddos del m\u00e1s amplio horizonte narrativo de la saga (&#8216;Las fuerzas opuestas&#8217;. &#8216;Las campanas del sur&#8217;, &#8216;Cuentos del sol y del r\u00edo&#8217; y &#8216;Vendr\u00e1n otros veranos&#8217;) que transcurre sin soluci\u00f3n de continuidad en el mismo \u00e1mbito litoral&#8221;.<\/em><\/p>\n<p style=\"text-align: right;\"><em>(Jos\u00e9 Luis V\u00edttori)<\/em><\/p>\n<p style=\"text-align: left;\">Cuentos online de este libro:<\/p>\n<p style=\"text-align: left;\"><a href=\"http:\/\/joseluisvittori.com\/wp-content\/uploads\/2016\/09\/La-paraguaya.pdf\" target=\"_blank\" rel=\"\">La paraguaya<\/a><\/p>\n<p>&nbsp;<\/p>\n<p>&nbsp;<\/p>\n<p>&nbsp;<\/p>\n<p><span style=\"color: #808080;\">FICHA:<\/span><br \/>\n<span style=\"color: #808080;\"> Autor\/es: V\u00edttori, Jos\u00e9 Luis<\/span><br \/>\n<span style=\"color: #808080;\"> Publicado: Argos Ediciones. A\u00f1o: 2000<\/span><br \/>\n<span style=\"color: #808080;\"> ISBN: 987-907<\/span><span style=\"color: #808080;\">-773-3<\/span><br \/>\n<span style=\"color: #808080;\"> Tipo: Cuentos<\/span><br \/>\n<span style=\"color: #808080;\"> P\u00e1ginas: 65<\/span><br \/>\n<span style=\"color: #808080;\"> Idioma: Espa\u00f1ol<\/span><\/p>\n<p>&nbsp;<\/p>\n<p>Adquirir <a href=\"https:\/\/www.amazon.com\/Cuentos-Spanish-Jose-Luis-Vittori\/dp\/9879077733\" target=\"_blank\">este libro en\u00a0Amazon<\/a>.<\/p>\n","protected":false},"excerpt":{"rendered":"<p>&#8220;Las tres primeras piezas que componen este volumen -&#8216;La Paraguaya&#8217;, &#8216;El pagar\u00e9&#8217; y &#8216;Venganza&#8217;-, fueron publicadas por primera vez con el t\u00edtulo de &#8216;Tres cuentos del r\u00edo&#8217;, en la colecci\u00f3n de Cuadernos de la revista Gaceta Literaria de Santa Fe (N\u00ba 13, octubre de 1985) con el concurso de la Fundaci\u00f3n Banco Bica, hoy agotada. [&hellip;]<\/p>\n","protected":false},"author":1,"featured_media":0,"parent":18,"menu_order":0,"comment_status":"closed","ping_status":"closed","template":"page-templates\/page_fullwidth.php","meta":{"footnotes":""},"_links":{"self":[{"href":"http:\/\/joseluisvittori.com\/index.php?rest_route=\/wp\/v2\/pages\/190"}],"collection":[{"href":"http:\/\/joseluisvittori.com\/index.php?rest_route=\/wp\/v2\/pages"}],"about":[{"href":"http:\/\/joseluisvittori.com\/index.php?rest_route=\/wp\/v2\/types\/page"}],"author":[{"embeddable":true,"href":"http:\/\/joseluisvittori.com\/index.php?rest_route=\/wp\/v2\/users\/1"}],"replies":[{"embeddable":true,"href":"http:\/\/joseluisvittori.com\/index.php?rest_route=%2Fwp%2Fv2%2Fcomments&post=190"}],"version-history":[{"count":9,"href":"http:\/\/joseluisvittori.com\/index.php?rest_route=\/wp\/v2\/pages\/190\/revisions"}],"predecessor-version":[{"id":394,"href":"http:\/\/joseluisvittori.com\/index.php?rest_route=\/wp\/v2\/pages\/190\/revisions\/394"}],"up":[{"embeddable":true,"href":"http:\/\/joseluisvittori.com\/index.php?rest_route=\/wp\/v2\/pages\/18"}],"wp:attachment":[{"href":"http:\/\/joseluisvittori.com\/index.php?rest_route=%2Fwp%2Fv2%2Fmedia&parent=190"}],"curies":[{"name":"wp","href":"https:\/\/api.w.org\/{rel}","templated":true}]}}