{"id":285,"date":"2016-09-19T21:08:20","date_gmt":"2016-09-20T00:08:20","guid":{"rendered":"http:\/\/joseluisvittori.com\/?page_id=285"},"modified":"2017-07-08T10:37:04","modified_gmt":"2017-07-08T13:37:04","slug":"cuentos-del-sol-y-del-rio","status":"publish","type":"page","link":"http:\/\/joseluisvittori.com\/?page_id=285","title":{"rendered":"&#8220;Cuentos del sol y del r\u00edo&#8221;"},"content":{"rendered":"<p><em><img loading=\"lazy\" decoding=\"async\" class=\" wp-image-286 alignleft\" src=\"http:\/\/joseluisvittori.com\/wp-content\/uploads\/2016\/09\/VITTORI-Cuentos-del-sol-y-del-r\u00edo.jpg\" alt=\"VITTORI Cuentos del sol y del r\u00edo\" width=\"522\" height=\"722\" srcset=\"http:\/\/joseluisvittori.com\/wp-content\/uploads\/2016\/09\/VITTORI-Cuentos-del-sol-y-del-r\u00edo.jpg 1345w, http:\/\/joseluisvittori.com\/wp-content\/uploads\/2016\/09\/VITTORI-Cuentos-del-sol-y-del-r\u00edo-217x300.jpg 217w, http:\/\/joseluisvittori.com\/wp-content\/uploads\/2016\/09\/VITTORI-Cuentos-del-sol-y-del-r\u00edo-768x1063.jpg 768w, http:\/\/joseluisvittori.com\/wp-content\/uploads\/2016\/09\/VITTORI-Cuentos-del-sol-y-del-r\u00edo-740x1024.jpg 740w, http:\/\/joseluisvittori.com\/wp-content\/uploads\/2016\/09\/VITTORI-Cuentos-del-sol-y-del-r\u00edo-830x1148.jpg 830w, http:\/\/joseluisvittori.com\/wp-content\/uploads\/2016\/09\/VITTORI-Cuentos-del-sol-y-del-r\u00edo-230x318.jpg 230w, http:\/\/joseluisvittori.com\/wp-content\/uploads\/2016\/09\/VITTORI-Cuentos-del-sol-y-del-r\u00edo-350x484.jpg 350w, http:\/\/joseluisvittori.com\/wp-content\/uploads\/2016\/09\/VITTORI-Cuentos-del-sol-y-del-r\u00edo-480x664.jpg 480w\" sizes=\"(max-width: 522px) 100vw, 522px\" \/>La narrativa de Jos\u00e9 Luis V\u00edttori propone una moderna saga fluvial, dentro de cuya tem\u00e1tica se inscribe &#8220;Cuentos del sol y del r\u00edo&#8221;.<\/em><\/p>\n<p><em>En su cambiante flujo dram\u00e1tico, la unidad de la obra compuesta por este libro, sumado a &#8220;Las fuerzas opuestas&#8221;, &#8220;Las campanas del sur&#8221; y otras dos in\u00e9ditas: &#8220;Un antiguo verano&#8221; y &#8220;Memoria de dos estaciones&#8221;, est\u00e1 dada por el retorno c\u00edclico de ciertos personajes, lugares y motivos.<\/em><\/p>\n<p><em>Pero si el autor responde a la seducci\u00f3n de su medio geogr\u00e1fico y humano con una obra de largo aliento, no lo anima en ella un verismo de cr\u00f3nica ni un inter\u00e9s limitado a lo anecd\u00f3tico, el color local, las costumbres o el escorzo naturalista.<\/em><\/p>\n<p><em>A la par que la adversidad social de los marginados y la agon\u00eda de la primitiva cultura orillera, acosada por la cultura urbana de la m\u00e1quina, lo preocupan el destino tr\u00e1gico del hombre, el sentido \u00faltimo de la vida, la b\u00fasqueda apremiante de una identidad, la demanda de una respuesta al error, la culpa, la ca\u00edda y la muerte, en situaciones cr\u00edticas que ponen a prueba la condici\u00f3n humana; la vaga esperanza de una redenci\u00f3n por el amor, la lealtad y la justicia.<\/em><\/p>\n<p><em>As\u00ed se conjugan en sus p\u00e1ginas distintos planos de experiencia y de conciencia: lo vivido y lo intuido, la realidad y la ficci\u00f3n, la historia y la leyenda. De donde, esta tierra y esta gente se transforman, m\u00e1s all\u00e1 de las circunstancias, en un complejo mundo narrativo cuyas fuentes se remontan a los asombros de la infancia, la trama fant\u00e1stica de los sue\u00f1os, los rumbos sin tiempo de la memoria personal y colectiva; un mundo m\u00e1gicamente alterado en sus secuencias causales por rodeos, encantamientos e inmanencias, y po\u00e9ticamente sugerido por un entrecruzamiento de s\u00edmbolos cuyo ritmo nos introduce en una dimensi\u00f3n m\u00edtica, ritual, cuasi folk.<\/em><\/p>\n<p><em>La calidad pl\u00e1stica de un soberano art\u00edfice, Ricardo Supisiche -ilustrador del libro y a la vez personaje-testigo: el &#8220;Supi&#8221; o &#8220;Surub\u00ed&#8221; de algunos cuentos-, se manifiesta en diez dibujos raigales, plasmados en las m\u00e1s nobles tintas, hondamente sentidos en su polifon\u00eda lineal.<\/em><\/p>\n<p>&nbsp;<\/p>\n<p>&nbsp;<\/p>\n<p>Cuentos online de este libro:<\/p>\n<p><a href=\"http:\/\/joseluisvittori.com\/wp-content\/uploads\/2016\/09\/Yaciret\u00e9.pdf\" target=\"_blank\" rel=\"\">Yaciret\u00e9<\/a><\/p>\n<p><a href=\"http:\/\/joseluisvittori.com\/wp-content\/uploads\/2016\/09\/Cuentos-del-Sol-y-del-R\u00edo-Aparicio.pdf\" target=\"_blank\" rel=\"\">Aparicio<\/a><\/p>\n<p><a href=\"http:\/\/joseluisvittori.com\/wp-content\/uploads\/2016\/09\/Churrinche.pdf\" target=\"_blank\" rel=\"\">Churrinche<\/a><\/p>\n<p><a href=\"http:\/\/joseluisvittori.com\/wp-content\/uploads\/2016\/09\/Chau-Calandria-1.pdf\" target=\"_blank\" rel=\"\">Chau Calandria<\/a><\/p>\n<p>&nbsp;<\/p>\n<p>&nbsp;<\/p>\n<p><span style=\"color: #808080;\">FICHA:<\/span><br \/>\n<span style=\"color: #808080;\"> Autor\/es: V\u00edttori, Jos\u00e9 Luis<\/span><br \/>\n<span style=\"color: #808080;\"> Publicado: Ediciones Colmegna. A\u00f1o: 1976<\/span><br \/>\n<span style=\"color: #808080;\"> Tipo:\u00a0Cuentos<\/span><br \/>\n<span style=\"color: #808080;\"> P\u00e1ginas:\u00a0159<\/span><br \/>\n<span style=\"color: #808080;\"> Idioma: Espa\u00f1ol<\/span><\/p>\n<p>&nbsp;<\/p>\n<p>Adquirir este libro en\u00a0<a href=\"http:\/\/www.lagatasibilah.com\/index.php\/product\/cuentos-del-sol-y-del-rio\/\" target=\"_blank\">La Gata Sibilah &#8211; Librer\u00eda online<\/a>.<\/p>\n<p>&nbsp;<\/p>\n<p>&nbsp;<\/p>\n","protected":false},"excerpt":{"rendered":"<p>La narrativa de Jos\u00e9 Luis V\u00edttori propone una moderna saga fluvial, dentro de cuya tem\u00e1tica se inscribe &#8220;Cuentos del sol y del r\u00edo&#8221;. En su cambiante flujo dram\u00e1tico, la unidad de la obra compuesta por este libro, sumado a &#8220;Las fuerzas opuestas&#8221;, &#8220;Las campanas del sur&#8221; y otras dos in\u00e9ditas: &#8220;Un antiguo verano&#8221; y &#8220;Memoria [&hellip;]<\/p>\n","protected":false},"author":1,"featured_media":0,"parent":18,"menu_order":0,"comment_status":"closed","ping_status":"closed","template":"page-templates\/page_fullwidth.php","meta":{"footnotes":""},"_links":{"self":[{"href":"http:\/\/joseluisvittori.com\/index.php?rest_route=\/wp\/v2\/pages\/285"}],"collection":[{"href":"http:\/\/joseluisvittori.com\/index.php?rest_route=\/wp\/v2\/pages"}],"about":[{"href":"http:\/\/joseluisvittori.com\/index.php?rest_route=\/wp\/v2\/types\/page"}],"author":[{"embeddable":true,"href":"http:\/\/joseluisvittori.com\/index.php?rest_route=\/wp\/v2\/users\/1"}],"replies":[{"embeddable":true,"href":"http:\/\/joseluisvittori.com\/index.php?rest_route=%2Fwp%2Fv2%2Fcomments&post=285"}],"version-history":[{"count":10,"href":"http:\/\/joseluisvittori.com\/index.php?rest_route=\/wp\/v2\/pages\/285\/revisions"}],"predecessor-version":[{"id":404,"href":"http:\/\/joseluisvittori.com\/index.php?rest_route=\/wp\/v2\/pages\/285\/revisions\/404"}],"up":[{"embeddable":true,"href":"http:\/\/joseluisvittori.com\/index.php?rest_route=\/wp\/v2\/pages\/18"}],"wp:attachment":[{"href":"http:\/\/joseluisvittori.com\/index.php?rest_route=%2Fwp%2Fv2%2Fmedia&parent=285"}],"curies":[{"name":"wp","href":"https:\/\/api.w.org\/{rel}","templated":true}]}}