{"id":18,"date":"2016-09-08T19:23:49","date_gmt":"2016-09-08T22:23:49","guid":{"rendered":"http:\/\/joseluisvittori.com\/?page_id=18"},"modified":"2016-09-30T21:57:55","modified_gmt":"2016-10-01T00:57:55","slug":"bibliografia","status":"publish","type":"page","link":"https:\/\/joseluisvittori.com\/?page_id=18","title":{"rendered":"BIBLIOGRAF\u00cdA"},"content":{"rendered":"<h3>OBRAS<\/h3>\n<p><strong><a href=\"http:\/\/joseluisvittori.com\/?page_id=97\" target=\"_blank\">Las fuerzas opuestas<\/a><\/strong>, novela, 1.\u00aa edici\u00f3n en 1961, 2.\u00aa edici\u00f3n en 1979<\/p>\n<p><a href=\"http:\/\/joseluisvittori.com\/?page_id=273\" target=\"_blank\"><strong>La voluntad de realismo<\/strong><\/a>, ensayos, selecci\u00f3n de &#8220;El escritor: medio y lenguaje&#8221;, 1963<\/p>\n<p><a href=\"http:\/\/joseluisvittori.com\/?page_id=224\" target=\"_blank\"><strong>Las campanas del sur<\/strong><\/a>, novela, 1971<\/p>\n<p><a href=\"http:\/\/joseluisvittori.com\/?page_id=131\" target=\"_blank\"><strong>Imago Mundi<\/strong><\/a>, ensayos, 1973<\/p>\n<p><a href=\"http:\/\/joseluisvittori.com\/?page_id=285\" target=\"_blank\"><strong>Cuentos del sol y del r\u00edo<\/strong><\/a>, narraciones, 1.\u00aa edici\u00f3n en 1976, 2.\u00aa edici\u00f3n 1992, 3.\u00aa edici\u00f3n en 1993;<\/p>\n<p><strong><a href=\"http:\/\/joseluisvittori.com\/?page_id=121\" target=\"_blank\">El escritor: medio y lenguaje<\/a><\/strong>, ensayos, 1977<\/p>\n<p><a href=\"http:\/\/joseluisvittori.com\/?page_id=277\" target=\"_blank\"><strong>Fernando Espino: a todo o nada<\/strong><\/a>, ensayo, 1980<\/p>\n<p><a href=\"http:\/\/joseluisvittori.com\/?page_id=141\" target=\"_blank\"><strong>Gente de palabra<\/strong><\/a>, novela, 1981<\/p>\n<p><a href=\"http:\/\/joseluisvittori.com\/?page_id=281\" target=\"_blank\"><strong>Juan Grela G.: Arte y serenidad<\/strong><\/a>, ensayo, 1983<\/p>\n<p><a href=\"http:\/\/joseluisvittori.com\/?page_id=298\" target=\"_blank\"><strong>La regi\u00f3n en el tiempo<\/strong><\/a>, ensayo, 1983<\/p>\n<p><a href=\"http:\/\/joseluisvittori.com\/?page_id=324\" target=\"_blank\"><strong>C\u00e9sar Fern\u00e1ndez Navarro: P\u00e1ginas de una biograf\u00eda<\/strong><\/a>, 1984<\/p>\n<p><strong><a href=\"http:\/\/joseluisvittori.com\/?page_id=376\" target=\"_blank\">Literatura en la regi\u00f3n litoral<\/a><\/strong>, ensayo, 1984<\/p>\n<p><a href=\"http:\/\/joseluisvittori.com\/?page_id=295\" target=\"_blank\"><strong>Tres cuentos del R\u00edo<\/strong><\/a>, narraciones, 1985;<\/p>\n<p><a href=\"http:\/\/joseluisvittori.com\/?page_id=261\" target=\"_blank\"><strong>Literatura y regi\u00f3n<\/strong><\/a>, ensayos, 1986;<\/p>\n<p><a href=\"http:\/\/joseluisvittori.com\/?page_id=164\" target=\"_blank\"><strong>La regi\u00f3n y sus creadores<\/strong><\/a>, ensayos, 1986;<\/p>\n<p><a href=\"http:\/\/joseluisvittori.com\/?page_id=256\" target=\"_blank\"><strong>Literatura y cultura nacional<\/strong><\/a>, ensayos, 1988;<\/p>\n<p><a href=\"http:\/\/joseluisvittori.com\/?page_id=174\" target=\"_blank\"><strong>Del Barco Centenera y &#8216;La Argentina&#8217;, or\u00edgenes del realismo m\u00e1gico en Am\u00e9rica<\/strong><\/a>, 1991;<\/p>\n<p><strong><a href=\"http:\/\/joseluisvittori.com\/?page_id=252\" target=\"_blank\">Fern\u00e1ndez Navarro, bibliograf\u00eda y cr\u00edtica<\/a><\/strong>, en colaboraci\u00f3n, 1992;<\/p>\n<p><a href=\"http:\/\/joseluisvittori.com\/?page_id=303\" target=\"_blank\"><strong>Agust\u00edn Zapata Goll\u00e1n: Hitos<\/strong><\/a>, estudio, 1994;<\/p>\n<p><a href=\"http:\/\/joseluisvittori.com\/?page_id=159\" target=\"_blank\"><strong>El escritor y su condici\u00f3n en el siglo XX<\/strong><\/a>, ensayos, 1994;<\/p>\n<p><a href=\"http:\/\/joseluisvittori.com\/?page_id=312\" target=\"_blank\"><strong>Exageraciones y quimeras en la conquista de Am\u00e9rica<\/strong><\/a>, ensayos, 1997;<\/p>\n<p><a href=\"http:\/\/joseluisvittori.com\/?page_id=147\" target=\"_blank\"><strong>El tiempo y los sue\u00f1os<\/strong><\/a>, cuentos, 1998;<\/p>\n<p><a href=\"http:\/\/joseluisvittori.com\/?page_id=154\" target=\"_blank\"><strong>Viajes y viajeros en la literatura del R\u00edo de la Plata<\/strong><\/a>, tomos 1 y 2, 1999;<\/p>\n<p><a href=\"http:\/\/joseluisvittori.com\/?page_id=182\" target=\"_blank\"><strong>Narraciones y poemas<\/strong><\/a>, 2000;<\/p>\n<p><a href=\"http:\/\/joseluisvittori.com\/?page_id=190\" target=\"_blank\"><strong>Cuentos del r\u00edo<\/strong><\/a>, narraciones, 2000.<\/p>\n<p>&nbsp;<\/p>\n<p>&nbsp;<\/p>\n","protected":false},"excerpt":{"rendered":"<p>OBRAS Las fuerzas opuestas, novela, 1.\u00aa edici\u00f3n en 1961, 2.\u00aa edici\u00f3n en 1979 La voluntad de realismo, ensayos, selecci\u00f3n de &#8220;El escritor: medio y lenguaje&#8221;, 1963 Las campanas del sur, novela, 1971 Imago Mundi, ensayos, 1973 Cuentos del sol y del r\u00edo, narraciones, 1.\u00aa edici\u00f3n en 1976, 2.\u00aa edici\u00f3n 1992, 3.\u00aa edici\u00f3n en 1993; El [&hellip;]<\/p>\n","protected":false},"author":1,"featured_media":0,"parent":0,"menu_order":0,"comment_status":"closed","ping_status":"closed","template":"page-templates\/page_fullwidth.php","meta":{"footnotes":""},"_links":{"self":[{"href":"https:\/\/joseluisvittori.com\/index.php?rest_route=\/wp\/v2\/pages\/18"}],"collection":[{"href":"https:\/\/joseluisvittori.com\/index.php?rest_route=\/wp\/v2\/pages"}],"about":[{"href":"https:\/\/joseluisvittori.com\/index.php?rest_route=\/wp\/v2\/types\/page"}],"author":[{"embeddable":true,"href":"https:\/\/joseluisvittori.com\/index.php?rest_route=\/wp\/v2\/users\/1"}],"replies":[{"embeddable":true,"href":"https:\/\/joseluisvittori.com\/index.php?rest_route=%2Fwp%2Fv2%2Fcomments&post=18"}],"version-history":[{"count":36,"href":"https:\/\/joseluisvittori.com\/index.php?rest_route=\/wp\/v2\/pages\/18\/revisions"}],"predecessor-version":[{"id":383,"href":"https:\/\/joseluisvittori.com\/index.php?rest_route=\/wp\/v2\/pages\/18\/revisions\/383"}],"wp:attachment":[{"href":"https:\/\/joseluisvittori.com\/index.php?rest_route=%2Fwp%2Fv2%2Fmedia&parent=18"}],"curies":[{"name":"wp","href":"https:\/\/api.w.org\/{rel}","templated":true}]}}