{"id":2,"date":"2016-09-08T14:17:56","date_gmt":"2016-09-08T14:17:56","guid":{"rendered":"http:\/\/joseluisvittori.com\/?page_id=2"},"modified":"2016-09-12T23:30:00","modified_gmt":"2016-09-13T02:30:00","slug":"pagina-ejemplo","status":"publish","type":"page","link":"https:\/\/joseluisvittori.com\/","title":{"rendered":"Una pluma fiel a su regi\u00f3n"},"content":{"rendered":"<div id=\"pl-2\"  class=\"panel-layout\" ><div id=\"pg-2-0\"  class=\"panel-grid panel-has-style\" ><div style=\"padding: 100px 0; \" class=\"panel-row-style panel-row-style-for-2-0\" ><div id=\"pgc-2-0-0\"  class=\"panel-grid-cell\" ><div id=\"panel-2-0-0-0\" class=\"so-panel widget widget_sow-editor panel-first-child panel-last-child\" data-index=\"0\" ><div\n\t\t\t\n\t\t\tclass=\"so-widget-sow-editor so-widget-sow-editor-base\"\n\t\t\t\n\t\t>\n<div class=\"siteorigin-widget-tinymce textwidget\">\n\t<p>El escritor Jos\u00e9 Luis V\u00edttori naci\u00f3 un 21 de febrero de 1928 en el hogar formado por Pedro Alejandro V\u00edttori y Delia Indiana Lombella en la ciudad de Santa Fe, Argentina .<\/p>\n<p>\u201cCocho\u201d, como se lo conoc\u00eda en el \u00e1mbito familiar y su c\u00edrculo de amigos, estudi\u00f3 en el Colegio de la Inmaculada Concepci\u00f3n de la ciudad de Santa Fe donde se recibi\u00f3\u00a0de bachiller nacional y curs\u00f3\u00a0materias universitarias en la carrera de Ciencias de la Educaci\u00f3n. As\u00ed mismo, realiz\u00f3 capacitaciones especializadas en periodismo profesional, adem\u00e1s de cursos de actualizaci\u00f3n y especializaci\u00f3n en arte, literatura e historia.<\/p>\n<p>Joven, form\u00f3 familia con Raquel G\u00f3mez, hogar en el que naci\u00f3 su hijo Manuel Pedro V\u00edttori.<\/p>\n<p>En 1947 -a sus 19 a\u00f1os- ingres\u00f3 como cronista en\u00a0el diario El Litoral de la ciudad de Santa Fe, medio de comunicaci\u00f3n centenario fundado por su propio padre -Pedro Alejandro V\u00edttori- junto a su socio Salvador Caputto en 1918. Al mismo tiempo, comienza su actividad literaria publicando ensayos y art\u00edculos en distintos medios.<\/p>\n<p>En 1954 forma parte del grupo \"Adverbio\", que edita una\u00a0antolog\u00eda llamada \"Trabajos\" en 1955 en donde V\u00edttori\u00a0publica su cuento \"Ning\u00fan hombre es equiparable a una isla\". Y desde 1958 a 1959 dirige la p\u00e1gina literaria de \"El Litoral\". Durante ese tiempo, la antolog\u00eda \"Cuentistas del litoral\" del Ministerio de Educaci\u00f3n de la provincia de Santa Fe, incluye uno de sus cuentos.<\/p>\n<p>En 1960, la Asociaci\u00f3n Santafesina de Escritores acuerda el primer premio a su libro de ensayos \"El escritor: medio y lenguaje\".<\/p>\n<p>Desde sus inicios en el mundo de la escritura, Jos\u00e9 Luis V\u00edttori sum\u00f3 a la tarea period\u00edstica su inter\u00e9s por la literatura, tendencia que se fue acentuando con el paso de los a\u00f1os, las lecturas sistem\u00e1ticas, la participaci\u00f3n en grupos literarios muy activos y las publicaciones colectivas, hasta que en 1961 alumbr\u00f3 su primera novela, \u201cLas fuerzas opuestas\u201d, con excelentes comentarios de la cr\u00edtica. Desde ese momento en adelante desarroll\u00f3 una f\u00e9rtil obra literaria con numerosos t\u00edtulos publicados y una importante cosecha de premios y distinciones locales, nacionales e internacionales.<\/p>\n<p>En su extenso recorrido como autor de novelas, cuentos, poes\u00eda y ensayos, V\u00edttori obtuvo, entre otros, primeros premios instituidos por la Secretar\u00eda de Cultura de la Naci\u00f3n -el Ricardo Rojas correspondiente a Ensayo para el trienio 1984-86, el de Narradores del Interior y el Selecci\u00f3n Nacional en Novela y Ensayo-, as\u00ed como numerosas distinciones en el plano provincial y municipal. Por su parte, la Sociedad Argentina de Escritores lo distingui\u00f3 con la Faja de Honor en Narrativa.<\/p>\n<p>Por su actuaci\u00f3n en el vasto campo de la creatividad literaria, fue designado miembro correspondiente de la Academia Nacional de Letras en la provincia de Santa Fe (1988), en tanto que en el \u00e1mbito local fue presidente de la Asociaci\u00f3n Santafesina de Escritores (Asde) y miembro fundador, presidente y presidente honorario del <a href=\"http:\/\/www.cehsf.ceride.gov.ar\/institucion.html\" target=\"_blank\">Centro de Estudios Hispanoamericanos<\/a>.<\/p>\n<p>Disc\u00edpulo del maestro Juan Grela en cursos de percepci\u00f3n visual, se interes\u00f3 en el arte hispanoamericano, habiendo efectuado viajes de informaci\u00f3n y documentaci\u00f3n por \u00e1reas de alta cultura hispano ind\u00edgena. Como especialista en el tema, fue director de tesis de licenciatura en la facultad de historia de la Universidad Cat\u00f3lica de Santa Fe, desarrollando en el mismo nivel cursos audiovisuales y conferencias sobre la materia.<\/p>\n<p>Luego de su ya referida primera novela, reeditada en 1979, V\u00edttori public\u00f3, entre otras recordadas obras de enfatizada ra\u00edz regional, \u201cLas campanas del sur\u201d (novela, 1971); \u201cImago Mundi\u201d (ensayos, 1973); \u201cCuentos del sol y del r\u00edo\u201d (narraciones, con ediciones en 1976, 1992 y 1993); \u201cEl escritor: medio y lenguaje\u201d (ensayos, 1977); \u201cFernando Espino: a todo o nada\u201d (ensayo, 1980); \u201cGente de palabra\u201d (novela, 1981); \u201cTres cuentos del r\u00edo\u201d (narraciones, 1985); \u201cLiteratura y regi\u00f3n\u201d (ensayos, 1986); \u201cLa regi\u00f3n y sus creadores\u201d (1986); \u201cLiteratura y cultura nacional\u201d (ensayos, 1988); \u201cDel Barco Centenera y \u2018La Argentina\u2019, or\u00edgenes del realismo m\u00e1gico en Am\u00e9rica\u201d (1991); \u201cFern\u00e1ndez Navarro, bibliograf\u00eda y cr\u00edtica\u201d (en colaboraci\u00f3n, 1992); \u201cAgust\u00edn Zapata Goll\u00e1n: Hitos\u201d (estudio, 1994); \u201cExageraciones y quimeras en la conquista de Am\u00e9rica\u201d (1997); hasta llegar a su \u00faltima publicaci\u00f3n: \u201cOtros cuentos del r\u00edo\u201d (narraciones, 2000).<\/p>\n<p>Dentro de \"El Litoral\", Jos\u00e9 Luis se incorpor\u00f3 a la Gerencia en 1965. Y a partir de 1987 y hasta su jubilaci\u00f3n en el a\u00f1o 1996, se desempe\u00f1\u00f3 como Director period\u00edstico de dicho medio. Adem\u00e1s, trabaj\u00f3 como colaborador en los diarios \"Clar\u00edn\" y \"La Capital\" de Rosario, \"Los Principios\" y revistas especializadas.<\/p>\n<p>Se han ocupado de su obra: Eugenio Castelli (\"Jos\u00e9 Luis V\u00edttori: Dimensi\u00f3n m\u00edtica de su saga fluvial\" - primera edici\u00f3n 1977, segunda edici\u00f3n 1991), Alejandro Taruella (\"El r\u00edo, ese s\u00edmbolo de vida. JLV nos refiere el car\u00e1cter de su obra\" - en \"Clar\u00edn\" 1977), Osvaldo Valli (\"Enfoque integral de la regi\u00f3n en el universo de la literatura\" - 1988- y \"JLV\" en Nueva Enciclopedia de la provincia de Santa Fe -1991 , Gast\u00f3n Gori (Introducci\u00f3n a la narrativa de Jos\u00e9 Luis V\u00edttori\" - 1994); entre otros.<\/p>\n<p>Falleci\u00f3 en la ciudad de Santa Fe un 16 de febrero de 2015, a s\u00f3lo d\u00edas de cumplir\u00a087 a\u00f1os. Es recordado no s\u00f3lo por su destacada labor period\u00edstica sino como uno de los escritores que mejor supo reflejar el paisaje t\u00edpico\u00a0de\u00a0la regi\u00f3n del litoral y a sus habitantes.<\/p>\n<\/div>\n<\/div><\/div><\/div><\/div><\/div><div id=\"pg-2-1\"  class=\"panel-grid panel-has-style\" ><div class=\"siteorigin-panels-stretch sydney-stretch panel-row-style panel-row-style-for-2-1\" style=\"background-image: url(https:\/\/joseluisvittori.com\/wp-content\/uploads\/2016\/09\/abuelo5-1.jpg);padding: 100px 0; \" data-stretch-type=\"full\" data-hasbg=\"hasbg\" ><div id=\"pgc-2-1-0\"  class=\"panel-grid-cell panel-grid-cell-empty\" ><\/div><\/div><\/div><div id=\"pg-2-2\"  class=\"panel-grid panel-has-style\" ><div style=\"padding: 100px 0; \" class=\"panel-row-style panel-row-style-for-2-2\" ><div id=\"pgc-2-2-0\"  class=\"panel-grid-cell\" ><div id=\"panel-2-2-0-0\" class=\"so-panel widget widget_sow-editor panel-first-child panel-last-child\" data-index=\"1\" ><div\n\t\t\t\n\t\t\tclass=\"so-widget-sow-editor so-widget-sow-editor-base\"\n\t\t\t\n\t\t>\n<div class=\"siteorigin-widget-tinymce textwidget\">\n\t<p><img loading=\"lazy\" decoding=\"async\" class=\"aligncenter  wp-image-238\" src=\"http:\/\/joseluisvittori.com\/wp-content\/uploads\/2016\/09\/PRUEBA5.jpg\" alt=\"PRUEBA5\" width=\"1145\" height=\"355\" srcset=\"https:\/\/joseluisvittori.com\/wp-content\/uploads\/2016\/09\/PRUEBA5.jpg 2171w, https:\/\/joseluisvittori.com\/wp-content\/uploads\/2016\/09\/PRUEBA5-300x93.jpg 300w, https:\/\/joseluisvittori.com\/wp-content\/uploads\/2016\/09\/PRUEBA5-768x238.jpg 768w, https:\/\/joseluisvittori.com\/wp-content\/uploads\/2016\/09\/PRUEBA5-1024x318.jpg 1024w, https:\/\/joseluisvittori.com\/wp-content\/uploads\/2016\/09\/PRUEBA5-830x258.jpg 830w, https:\/\/joseluisvittori.com\/wp-content\/uploads\/2016\/09\/PRUEBA5-230x71.jpg 230w, https:\/\/joseluisvittori.com\/wp-content\/uploads\/2016\/09\/PRUEBA5-350x109.jpg 350w, https:\/\/joseluisvittori.com\/wp-content\/uploads\/2016\/09\/PRUEBA5-480x149.jpg 480w\" sizes=\"(max-width: 1145px) 100vw, 1145px\" \/><\/p>\n<\/div>\n<\/div><\/div><\/div><\/div><\/div><div id=\"pg-2-3\"  class=\"panel-grid panel-has-style\" ><div class=\"siteorigin-panels-stretch sydney-stretch panel-row-style panel-row-style-for-2-3\" style=\"background-image: url(https:\/\/joseluisvittori.com\/wp-content\/uploads\/2016\/09\/9.jpg);padding: 100px 0; \" data-stretch-type=\"full\" data-hasbg=\"hasbg\" ><div id=\"pgc-2-3-0\"  class=\"panel-grid-cell panel-grid-cell-empty\" ><\/div><\/div><\/div><div id=\"pg-2-4\"  class=\"panel-grid panel-has-style\" ><div class=\"SECCIONES siteorigin-panels-stretch sydney-stretch panel-row-style panel-row-style-for-2-4\" style=\"padding: 100px 0; \" data-stretch-type=\"full\" ><div id=\"pgc-2-4-0\"  class=\"panel-grid-cell\" ><div id=\"panel-2-4-0-0\" class=\"so-panel widget widget_text panel-first-child panel-last-child\" data-index=\"2\" ><h3 class=\"widget-title\">SECCIONES<\/h3>\t\t\t<div class=\"textwidget\"><\/div>\n\t\t<\/div><\/div><\/div><\/div><div id=\"pg-2-5\"  class=\"panel-grid panel-has-style\" ><div style=\"padding: 100px 0; \" class=\"panel-row-style panel-row-style-for-2-5\" ><div id=\"pgc-2-5-0\"  class=\"panel-grid-cell\" ><div id=\"panel-2-5-0-0\" class=\"so-panel widget widget_sow-image panel-first-child panel-last-child\" data-index=\"3\" ><div\n\t\t\t\n\t\t\tclass=\"so-widget-sow-image so-widget-sow-image-default-c67d20f9f743-2\"\n\t\t\t\n\t\t>\n<h3 class=\"widget-title\">Bibliograf\u00eda<\/h3>\n<div class=\"sow-image-container\">\n\t\t\t<a href=\"http:\/\/joseluisvittori.com\/?page_id=18\"\n\t\t\ttarget=\"_blank\" rel=\"noopener noreferrer\" \t\t>\n\t\t\t<img decoding=\"async\" src=\"https:\/\/joseluisvittori.com\/wp-content\/uploads\/2016\/09\/boton1.jpg\" width=\"600\" height=\"450\" srcset=\"https:\/\/joseluisvittori.com\/wp-content\/uploads\/2016\/09\/boton1.jpg 600w, https:\/\/joseluisvittori.com\/wp-content\/uploads\/2016\/09\/boton1-300x225.jpg 300w, https:\/\/joseluisvittori.com\/wp-content\/uploads\/2016\/09\/boton1-230x173.jpg 230w, https:\/\/joseluisvittori.com\/wp-content\/uploads\/2016\/09\/boton1-350x263.jpg 350w, https:\/\/joseluisvittori.com\/wp-content\/uploads\/2016\/09\/boton1-480x360.jpg 480w\" sizes=\"(max-width: 600px) 100vw, 600px\" title=\"Bibliograf\u00eda\" alt=\"\" loading=\"lazy\" \t\tclass=\"so-widget-image\"\/>\n\t<\/a><\/div>\n\n<\/div><\/div><\/div><div id=\"pgc-2-5-1\"  class=\"panel-grid-cell\" ><div id=\"panel-2-5-1-0\" class=\"so-panel widget widget_sow-image panel-first-child panel-last-child\" data-index=\"4\" ><div\n\t\t\t\n\t\t\tclass=\"so-widget-sow-image so-widget-sow-image-default-8b5b6f678277-2\"\n\t\t\t\n\t\t>\n<h3 class=\"widget-title\">Reconocimientos<\/h3>\n<div class=\"sow-image-container\">\n\t\t\t<a href=\"http:\/\/joseluisvittori.com\/?page_id=20\"\n\t\t\ttarget=\"_blank\" rel=\"noopener noreferrer\" \t\t>\n\t\t\t<img decoding=\"async\" src=\"https:\/\/joseluisvittori.com\/wp-content\/uploads\/2016\/09\/boton2.jpg\" width=\"600\" height=\"450\" srcset=\"https:\/\/joseluisvittori.com\/wp-content\/uploads\/2016\/09\/boton2.jpg 600w, https:\/\/joseluisvittori.com\/wp-content\/uploads\/2016\/09\/boton2-300x225.jpg 300w, https:\/\/joseluisvittori.com\/wp-content\/uploads\/2016\/09\/boton2-230x173.jpg 230w, https:\/\/joseluisvittori.com\/wp-content\/uploads\/2016\/09\/boton2-350x263.jpg 350w, https:\/\/joseluisvittori.com\/wp-content\/uploads\/2016\/09\/boton2-480x360.jpg 480w\" sizes=\"(max-width: 600px) 100vw, 600px\" title=\"Reconocimientos\" alt=\"\" loading=\"lazy\" \t\tclass=\"so-widget-image\"\/>\n\t<\/a><\/div>\n\n<\/div><\/div><\/div><div id=\"pgc-2-5-2\"  class=\"panel-grid-cell\" ><div id=\"panel-2-5-2-0\" class=\"so-panel widget widget_sow-image panel-first-child panel-last-child\" data-index=\"5\" ><div\n\t\t\t\n\t\t\tclass=\"so-widget-sow-image so-widget-sow-image-default-8b5b6f678277-2\"\n\t\t\t\n\t\t>\n<h3 class=\"widget-title\">Multimedia<\/h3>\n<div class=\"sow-image-container\">\n\t\t\t<a href=\"http:\/\/joseluisvittori.com\/?page_id=22\"\n\t\t\ttarget=\"_blank\" rel=\"noopener noreferrer\" \t\t>\n\t\t\t<img decoding=\"async\" src=\"https:\/\/joseluisvittori.com\/wp-content\/uploads\/2016\/09\/boton3.jpg\" width=\"600\" height=\"450\" srcset=\"https:\/\/joseluisvittori.com\/wp-content\/uploads\/2016\/09\/boton3.jpg 600w, https:\/\/joseluisvittori.com\/wp-content\/uploads\/2016\/09\/boton3-300x225.jpg 300w, https:\/\/joseluisvittori.com\/wp-content\/uploads\/2016\/09\/boton3-230x173.jpg 230w, https:\/\/joseluisvittori.com\/wp-content\/uploads\/2016\/09\/boton3-350x263.jpg 350w, https:\/\/joseluisvittori.com\/wp-content\/uploads\/2016\/09\/boton3-480x360.jpg 480w\" sizes=\"(max-width: 600px) 100vw, 600px\" title=\"Multimedia\" alt=\"\" loading=\"lazy\" \t\tclass=\"so-widget-image\"\/>\n\t<\/a><\/div>\n\n<\/div><\/div><\/div><\/div><\/div><div id=\"pg-2-6\"  class=\"panel-grid panel-has-style\" ><div class=\"siteorigin-panels-stretch sydney-stretch panel-row-style panel-row-style-for-2-6\" style=\"background-image: url(https:\/\/joseluisvittori.com\/wp-content\/uploads\/2016\/09\/abuelo4.jpg);padding: 100px 0; \" data-stretch-type=\"full\" data-hasbg=\"hasbg\" ><div id=\"pgc-2-6-0\"  class=\"panel-grid-cell panel-grid-cell-empty\" ><\/div><\/div><\/div><\/div>","protected":false},"excerpt":{"rendered":"<p>El escritor Jos\u00e9 Luis V\u00edttori naci\u00f3 un 21 de febrero de 1928 en el hogar formado por Pedro Alejandro V\u00edttori y Delia Indiana Lombella en la ciudad de Santa Fe, Argentina .\u201cCocho\u201d, como se lo conoc\u00eda en el \u00e1mbito familiar y su c\u00edrculo de amigos, estudi\u00f3 en el Colegio de la Inmaculada Concepci\u00f3n de la [&hellip;]<\/p>\n","protected":false},"author":1,"featured_media":0,"parent":0,"menu_order":0,"comment_status":"closed","ping_status":"open","template":"page-templates\/page_fullwidth.php","meta":{"footnotes":""},"_links":{"self":[{"href":"https:\/\/joseluisvittori.com\/index.php?rest_route=\/wp\/v2\/pages\/2"}],"collection":[{"href":"https:\/\/joseluisvittori.com\/index.php?rest_route=\/wp\/v2\/pages"}],"about":[{"href":"https:\/\/joseluisvittori.com\/index.php?rest_route=\/wp\/v2\/types\/page"}],"author":[{"embeddable":true,"href":"https:\/\/joseluisvittori.com\/index.php?rest_route=\/wp\/v2\/users\/1"}],"replies":[{"embeddable":true,"href":"https:\/\/joseluisvittori.com\/index.php?rest_route=%2Fwp%2Fv2%2Fcomments&post=2"}],"version-history":[{"count":31,"href":"https:\/\/joseluisvittori.com\/index.php?rest_route=\/wp\/v2\/pages\/2\/revisions"}],"predecessor-version":[{"id":13,"href":"https:\/\/joseluisvittori.com\/index.php?rest_route=\/wp\/v2\/pages\/2\/revisions\/13"}],"wp:attachment":[{"href":"https:\/\/joseluisvittori.com\/index.php?rest_route=%2Fwp%2Fv2%2Fmedia&parent=2"}],"curies":[{"name":"wp","href":"https:\/\/api.w.org\/{rel}","templated":true}]}}