{"id":67,"date":"2016-09-09T20:24:59","date_gmt":"2016-09-09T23:24:59","guid":{"rendered":"http:\/\/joseluisvittori.com\/?page_id=67"},"modified":"2016-09-12T20:09:55","modified_gmt":"2016-09-12T23:09:55","slug":"en-imagenes","status":"publish","type":"page","link":"https:\/\/joseluisvittori.com\/?page_id=67","title":{"rendered":"EN IM\u00c1GENES"},"content":{"rendered":"<p>&nbsp;<\/p>\n<p><img loading=\"lazy\" decoding=\"async\" class=\"aligncenter size-full wp-image-197\" src=\"http:\/\/joseluisvittori.com\/wp-content\/uploads\/2016\/09\/3.jpg\" alt=\"3\" width=\"2975\" height=\"1939\" srcset=\"https:\/\/joseluisvittori.com\/wp-content\/uploads\/2016\/09\/3.jpg 2975w, https:\/\/joseluisvittori.com\/wp-content\/uploads\/2016\/09\/3-300x196.jpg 300w, https:\/\/joseluisvittori.com\/wp-content\/uploads\/2016\/09\/3-768x501.jpg 768w, https:\/\/joseluisvittori.com\/wp-content\/uploads\/2016\/09\/3-1024x667.jpg 1024w, https:\/\/joseluisvittori.com\/wp-content\/uploads\/2016\/09\/3-830x541.jpg 830w, https:\/\/joseluisvittori.com\/wp-content\/uploads\/2016\/09\/3-230x150.jpg 230w, https:\/\/joseluisvittori.com\/wp-content\/uploads\/2016\/09\/3-350x228.jpg 350w, https:\/\/joseluisvittori.com\/wp-content\/uploads\/2016\/09\/3-480x313.jpg 480w\" sizes=\"(max-width: 2975px) 100vw, 2975px\" \/><\/p>\n<p>Reuni\u00f3n en Casa del Dr. Brasco Font, Grupos: &#8220;ESPADALIRIO&#8221; [E.L.], &#8220;RETABLILLO de Maese Pedro&#8221; [R.M.P.] Y &#8220;ASOCIACI\u00d3N de Ciencias, Letras Y Artes&#8221; [ACLA]. Parados de izq. a der. Emilio Leiva [R.M.P.], Carlos Morales [R.M.P.], Neda Costa Vici [R.M.P.], Jos\u00e9 Luis V\u00edttori [ACLA], Neri Milesi [R.M.P.] Francisco Margno [ACLA] Blaca Cassutti [R.M.P.] Fernando Birri [R.M.P. &#8211; E.] Virtu Maragno [ACLA] Miguel Brasco [E.] German Galfrascoli [E.] Dr. Jaime Brasco Font, Leoncio Gianello. (Noviembre 1945. Foto: Danilo Birri)<\/p>\n<p>&nbsp;<\/p>\n<p><img loading=\"lazy\" decoding=\"async\" class=\"aligncenter size-full wp-image-108\" src=\"http:\/\/joseluisvittori.com\/wp-content\/uploads\/2016\/09\/Manolo1.jpg\" alt=\"Manolo1\" width=\"1828\" height=\"1192\" srcset=\"https:\/\/joseluisvittori.com\/wp-content\/uploads\/2016\/09\/Manolo1.jpg 1828w, https:\/\/joseluisvittori.com\/wp-content\/uploads\/2016\/09\/Manolo1-300x196.jpg 300w, https:\/\/joseluisvittori.com\/wp-content\/uploads\/2016\/09\/Manolo1-768x501.jpg 768w, https:\/\/joseluisvittori.com\/wp-content\/uploads\/2016\/09\/Manolo1-1024x668.jpg 1024w, https:\/\/joseluisvittori.com\/wp-content\/uploads\/2016\/09\/Manolo1-830x541.jpg 830w, https:\/\/joseluisvittori.com\/wp-content\/uploads\/2016\/09\/Manolo1-230x150.jpg 230w, https:\/\/joseluisvittori.com\/wp-content\/uploads\/2016\/09\/Manolo1-350x228.jpg 350w, https:\/\/joseluisvittori.com\/wp-content\/uploads\/2016\/09\/Manolo1-480x313.jpg 480w\" sizes=\"(max-width: 1828px) 100vw, 1828px\" \/><\/p>\n<p>Gerarda y Juan L. Ortiz junto a Manuel, Jos\u00e9 Luis y Raquel V\u00edttori en Gualeguaych\u00fa. A\u00f1o 1960.<\/p>\n<p>&nbsp;<\/p>\n<p><img loading=\"lazy\" decoding=\"async\" class=\"aligncenter size-full wp-image-109\" src=\"http:\/\/joseluisvittori.com\/wp-content\/uploads\/2016\/09\/Manolo.jpg\" alt=\"Manolo\" width=\"1821\" height=\"1189\" srcset=\"https:\/\/joseluisvittori.com\/wp-content\/uploads\/2016\/09\/Manolo.jpg 1821w, https:\/\/joseluisvittori.com\/wp-content\/uploads\/2016\/09\/Manolo-300x196.jpg 300w, https:\/\/joseluisvittori.com\/wp-content\/uploads\/2016\/09\/Manolo-768x501.jpg 768w, https:\/\/joseluisvittori.com\/wp-content\/uploads\/2016\/09\/Manolo-1024x669.jpg 1024w, https:\/\/joseluisvittori.com\/wp-content\/uploads\/2016\/09\/Manolo-830x542.jpg 830w, https:\/\/joseluisvittori.com\/wp-content\/uploads\/2016\/09\/Manolo-230x150.jpg 230w, https:\/\/joseluisvittori.com\/wp-content\/uploads\/2016\/09\/Manolo-350x229.jpg 350w, https:\/\/joseluisvittori.com\/wp-content\/uploads\/2016\/09\/Manolo-480x313.jpg 480w\" sizes=\"(max-width: 1821px) 100vw, 1821px\" \/><\/p>\n<p>Jos\u00e9 Luis V\u00edttori junto a su hijo Manuel y a Juan L. Ortiz.<\/p>\n<p>&nbsp;<\/p>\n<p><img loading=\"lazy\" decoding=\"async\" class=\"aligncenter size-full wp-image-77\" src=\"http:\/\/joseluisvittori.com\/wp-content\/uploads\/2016\/09\/primera_reunion.jpg\" alt=\"primera_reunion\" width=\"1328\" height=\"728\" srcset=\"https:\/\/joseluisvittori.com\/wp-content\/uploads\/2016\/09\/primera_reunion.jpg 1328w, https:\/\/joseluisvittori.com\/wp-content\/uploads\/2016\/09\/primera_reunion-300x164.jpg 300w, https:\/\/joseluisvittori.com\/wp-content\/uploads\/2016\/09\/primera_reunion-768x421.jpg 768w, https:\/\/joseluisvittori.com\/wp-content\/uploads\/2016\/09\/primera_reunion-1024x561.jpg 1024w, https:\/\/joseluisvittori.com\/wp-content\/uploads\/2016\/09\/primera_reunion-830x455.jpg 830w, https:\/\/joseluisvittori.com\/wp-content\/uploads\/2016\/09\/primera_reunion-230x126.jpg 230w, https:\/\/joseluisvittori.com\/wp-content\/uploads\/2016\/09\/primera_reunion-350x192.jpg 350w, https:\/\/joseluisvittori.com\/wp-content\/uploads\/2016\/09\/primera_reunion-480x263.jpg 480w\" sizes=\"(max-width: 1328px) 100vw, 1328px\" \/>5 de octubre de 1981, tuvo lugar en dependencias del Museo Etnogr\u00e1fico y Colonial, la primera reuni\u00f3n convocada por el Dr. Agust\u00edn Zapata Goll\u00e1n, con idea de fundar un centro de estudios anexo al Departamento que \u00e9l conduc\u00eda como director honorario. En dicha reuni\u00f3n se gestar\u00eda el Centro de Estudios Hispanoamericanos con sede en la ciudad de Santa Fe.\u00a0Asistieron esa noche los doctores Francisco Mag\u00edn Ferrer, Constantino Ramos, Francisco Menchaca, Jorge Taverna Irigoyen y Julio Caminos, el ingeniero V\u00edctor F. N\u00edcoli, el escribano Mario Roberto Vigo, Riob\u00f3 Caputto y Jos\u00e9 Luis V\u00edttori (todos ellos en la foto).<\/p>\n<p>&nbsp;<\/p>\n<p><img loading=\"lazy\" decoding=\"async\" class=\"aligncenter  wp-image-221\" src=\"http:\/\/joseluisvittori.com\/wp-content\/uploads\/2016\/09\/abuelo12.jpg\" alt=\"abuelo12\" width=\"1034\" height=\"780\" srcset=\"https:\/\/joseluisvittori.com\/wp-content\/uploads\/2016\/09\/abuelo12.jpg 906w, https:\/\/joseluisvittori.com\/wp-content\/uploads\/2016\/09\/abuelo12-300x226.jpg 300w, https:\/\/joseluisvittori.com\/wp-content\/uploads\/2016\/09\/abuelo12-768x579.jpg 768w, https:\/\/joseluisvittori.com\/wp-content\/uploads\/2016\/09\/abuelo12-830x626.jpg 830w, https:\/\/joseluisvittori.com\/wp-content\/uploads\/2016\/09\/abuelo12-230x173.jpg 230w, https:\/\/joseluisvittori.com\/wp-content\/uploads\/2016\/09\/abuelo12-350x264.jpg 350w, https:\/\/joseluisvittori.com\/wp-content\/uploads\/2016\/09\/abuelo12-480x362.jpg 480w\" sizes=\"(max-width: 1034px) 100vw, 1034px\" \/><\/p>\n<p>Jos\u00e9 Luis junto a sus nietos Mar\u00eda, Agustina y Juan en su casa de barrio Siete Jefes.<\/p>\n<p>&nbsp;<\/p>\n<p><img loading=\"lazy\" decoding=\"async\" class=\"aligncenter size-full wp-image-198\" src=\"http:\/\/joseluisvittori.com\/wp-content\/uploads\/2016\/09\/1.jpg\" alt=\"1\" width=\"1218\" height=\"931\" srcset=\"https:\/\/joseluisvittori.com\/wp-content\/uploads\/2016\/09\/1.jpg 1218w, https:\/\/joseluisvittori.com\/wp-content\/uploads\/2016\/09\/1-300x229.jpg 300w, https:\/\/joseluisvittori.com\/wp-content\/uploads\/2016\/09\/1-768x587.jpg 768w, https:\/\/joseluisvittori.com\/wp-content\/uploads\/2016\/09\/1-1024x783.jpg 1024w, https:\/\/joseluisvittori.com\/wp-content\/uploads\/2016\/09\/1-830x634.jpg 830w, https:\/\/joseluisvittori.com\/wp-content\/uploads\/2016\/09\/1-230x176.jpg 230w, https:\/\/joseluisvittori.com\/wp-content\/uploads\/2016\/09\/1-350x268.jpg 350w, https:\/\/joseluisvittori.com\/wp-content\/uploads\/2016\/09\/1-480x367.jpg 480w\" sizes=\"(max-width: 1218px) 100vw, 1218px\" \/><\/p>\n<p>Jos\u00e9 Luis V\u00edttori disertando en el homenaje realizado a Bernardo Canal Feijoo y a El\u00edas Carpena, en la sede del Palacio De Errazuriz. (30-11-97 \u2013 Foto: Freddy Heer)<\/p>\n<p>&nbsp;<\/p>\n<p><img loading=\"lazy\" decoding=\"async\" class=\"aligncenter size-full wp-image-199\" src=\"http:\/\/joseluisvittori.com\/wp-content\/uploads\/2016\/09\/2.jpg\" alt=\"2\" width=\"1958\" height=\"1230\" srcset=\"https:\/\/joseluisvittori.com\/wp-content\/uploads\/2016\/09\/2.jpg 1958w, https:\/\/joseluisvittori.com\/wp-content\/uploads\/2016\/09\/2-300x188.jpg 300w, https:\/\/joseluisvittori.com\/wp-content\/uploads\/2016\/09\/2-768x482.jpg 768w, https:\/\/joseluisvittori.com\/wp-content\/uploads\/2016\/09\/2-1024x643.jpg 1024w, https:\/\/joseluisvittori.com\/wp-content\/uploads\/2016\/09\/2-830x521.jpg 830w, https:\/\/joseluisvittori.com\/wp-content\/uploads\/2016\/09\/2-230x144.jpg 230w, https:\/\/joseluisvittori.com\/wp-content\/uploads\/2016\/09\/2-350x220.jpg 350w, https:\/\/joseluisvittori.com\/wp-content\/uploads\/2016\/09\/2-480x302.jpg 480w\" sizes=\"(max-width: 1958px) 100vw, 1958px\" \/><\/p>\n<p>Acto del 1\u00ba Aniversario Foro Cultural Universitario. Jos\u00e9 Luis V\u00edttori, detr\u00e1s Jorge Ricci y Hugo Storero. (06-07-96 \u2013 Foto: Mercedes Pardo)<\/p>\n<p>&nbsp;<\/p>\n<p><img loading=\"lazy\" decoding=\"async\" class=\"aligncenter size-full wp-image-200\" src=\"http:\/\/joseluisvittori.com\/wp-content\/uploads\/2016\/09\/4.jpg\" alt=\"4\" width=\"1591\" height=\"1040\" srcset=\"https:\/\/joseluisvittori.com\/wp-content\/uploads\/2016\/09\/4.jpg 1591w, https:\/\/joseluisvittori.com\/wp-content\/uploads\/2016\/09\/4-300x196.jpg 300w, https:\/\/joseluisvittori.com\/wp-content\/uploads\/2016\/09\/4-768x502.jpg 768w, https:\/\/joseluisvittori.com\/wp-content\/uploads\/2016\/09\/4-1024x669.jpg 1024w, https:\/\/joseluisvittori.com\/wp-content\/uploads\/2016\/09\/4-830x543.jpg 830w, https:\/\/joseluisvittori.com\/wp-content\/uploads\/2016\/09\/4-230x150.jpg 230w, https:\/\/joseluisvittori.com\/wp-content\/uploads\/2016\/09\/4-350x229.jpg 350w, https:\/\/joseluisvittori.com\/wp-content\/uploads\/2016\/09\/4-480x314.jpg 480w\" sizes=\"(max-width: 1591px) 100vw, 1591px\" \/><\/p>\n<p>Comisi\u00f3n Directiva presidida por Jos\u00e9 Luis V\u00edttori, e integrada por Nora Didier, Marta Rodil. Teresita Giusani, Jorge Hern\u00e1ndez, Catalina Pistone y Miguel Zanelli.<\/p>\n<p>&nbsp;<\/p>\n<p><img loading=\"lazy\" decoding=\"async\" class=\"aligncenter size-full wp-image-201\" src=\"http:\/\/joseluisvittori.com\/wp-content\/uploads\/2016\/09\/6.jpg\" alt=\"6\" width=\"1301\" height=\"769\" srcset=\"https:\/\/joseluisvittori.com\/wp-content\/uploads\/2016\/09\/6.jpg 1301w, https:\/\/joseluisvittori.com\/wp-content\/uploads\/2016\/09\/6-300x177.jpg 300w, https:\/\/joseluisvittori.com\/wp-content\/uploads\/2016\/09\/6-768x454.jpg 768w, https:\/\/joseluisvittori.com\/wp-content\/uploads\/2016\/09\/6-1024x605.jpg 1024w, https:\/\/joseluisvittori.com\/wp-content\/uploads\/2016\/09\/6-830x491.jpg 830w, https:\/\/joseluisvittori.com\/wp-content\/uploads\/2016\/09\/6-230x136.jpg 230w, https:\/\/joseluisvittori.com\/wp-content\/uploads\/2016\/09\/6-350x207.jpg 350w, https:\/\/joseluisvittori.com\/wp-content\/uploads\/2016\/09\/6-480x284.jpg 480w\" sizes=\"(max-width: 1301px) 100vw, 1301px\" \/><\/p>\n<p>Homenaje a Cesar Fern\u00e1ndez Navarro. Discurso de Jos\u00e9 Luis V\u00edttori. (Foto: Alem)<\/p>\n<p>&nbsp;<\/p>\n<p><img loading=\"lazy\" decoding=\"async\" class=\"aligncenter size-full wp-image-202\" src=\"http:\/\/joseluisvittori.com\/wp-content\/uploads\/2016\/09\/7.jpg\" alt=\"7\" width=\"1419\" height=\"1165\" srcset=\"https:\/\/joseluisvittori.com\/wp-content\/uploads\/2016\/09\/7.jpg 1419w, https:\/\/joseluisvittori.com\/wp-content\/uploads\/2016\/09\/7-300x246.jpg 300w, https:\/\/joseluisvittori.com\/wp-content\/uploads\/2016\/09\/7-768x631.jpg 768w, https:\/\/joseluisvittori.com\/wp-content\/uploads\/2016\/09\/7-1024x841.jpg 1024w, https:\/\/joseluisvittori.com\/wp-content\/uploads\/2016\/09\/7-830x681.jpg 830w, https:\/\/joseluisvittori.com\/wp-content\/uploads\/2016\/09\/7-230x189.jpg 230w, https:\/\/joseluisvittori.com\/wp-content\/uploads\/2016\/09\/7-350x287.jpg 350w, https:\/\/joseluisvittori.com\/wp-content\/uploads\/2016\/09\/7-480x394.jpg 480w\" sizes=\"(max-width: 1419px) 100vw, 1419px\" \/><\/p>\n<p>Conferencia de Mar\u00eda Teresa Carrara, presentada por Jos\u00e9 Luis V\u00edttori en el Museo Etnogr\u00e1fico (06-09-97 \u2013 Foto: Mercedes Pardo)<\/p>\n<p>&nbsp;<\/p>\n<p><img loading=\"lazy\" decoding=\"async\" class=\"aligncenter size-full wp-image-203\" src=\"http:\/\/joseluisvittori.com\/wp-content\/uploads\/2016\/09\/9.jpg\" alt=\"9\" width=\"1183\" height=\"922\" srcset=\"https:\/\/joseluisvittori.com\/wp-content\/uploads\/2016\/09\/9.jpg 1183w, https:\/\/joseluisvittori.com\/wp-content\/uploads\/2016\/09\/9-300x234.jpg 300w, https:\/\/joseluisvittori.com\/wp-content\/uploads\/2016\/09\/9-768x599.jpg 768w, https:\/\/joseluisvittori.com\/wp-content\/uploads\/2016\/09\/9-1024x798.jpg 1024w, https:\/\/joseluisvittori.com\/wp-content\/uploads\/2016\/09\/9-830x647.jpg 830w, https:\/\/joseluisvittori.com\/wp-content\/uploads\/2016\/09\/9-230x179.jpg 230w, https:\/\/joseluisvittori.com\/wp-content\/uploads\/2016\/09\/9-350x273.jpg 350w, https:\/\/joseluisvittori.com\/wp-content\/uploads\/2016\/09\/9-480x374.jpg 480w\" sizes=\"(max-width: 1183px) 100vw, 1183px\" \/><\/p>\n<p>Jos\u00e9 Luis V\u00edttori.<\/p>\n<p>&nbsp;<\/p>\n<p><img loading=\"lazy\" decoding=\"async\" class=\"aligncenter size-full wp-image-204\" src=\"http:\/\/joseluisvittori.com\/wp-content\/uploads\/2016\/09\/11.jpg\" alt=\"11\" width=\"1674\" height=\"2232\" srcset=\"https:\/\/joseluisvittori.com\/wp-content\/uploads\/2016\/09\/11.jpg 1674w, https:\/\/joseluisvittori.com\/wp-content\/uploads\/2016\/09\/11-225x300.jpg 225w, https:\/\/joseluisvittori.com\/wp-content\/uploads\/2016\/09\/11-768x1024.jpg 768w, https:\/\/joseluisvittori.com\/wp-content\/uploads\/2016\/09\/11-830x1107.jpg 830w, https:\/\/joseluisvittori.com\/wp-content\/uploads\/2016\/09\/11-230x307.jpg 230w, https:\/\/joseluisvittori.com\/wp-content\/uploads\/2016\/09\/11-350x467.jpg 350w, https:\/\/joseluisvittori.com\/wp-content\/uploads\/2016\/09\/11-480x640.jpg 480w\" sizes=\"(max-width: 1674px) 100vw, 1674px\" \/><\/p>\n<p>Jos\u00e9 Luis V\u00edttori.<\/p>\n<p>&nbsp;<\/p>\n<p><img loading=\"lazy\" decoding=\"async\" class=\"size-full wp-image-205\" src=\"http:\/\/joseluisvittori.com\/wp-content\/uploads\/2016\/09\/12.jpg\" alt=\"EXPOSICION DE ARTE Y LETRAS. PALABRAS DE JOSE LUIS VITTORI. 6-9-98. FOTO M.PARDO\" width=\"1667\" height=\"1220\" srcset=\"https:\/\/joseluisvittori.com\/wp-content\/uploads\/2016\/09\/12.jpg 1667w, https:\/\/joseluisvittori.com\/wp-content\/uploads\/2016\/09\/12-300x220.jpg 300w, https:\/\/joseluisvittori.com\/wp-content\/uploads\/2016\/09\/12-768x562.jpg 768w, https:\/\/joseluisvittori.com\/wp-content\/uploads\/2016\/09\/12-1024x749.jpg 1024w, https:\/\/joseluisvittori.com\/wp-content\/uploads\/2016\/09\/12-830x607.jpg 830w, https:\/\/joseluisvittori.com\/wp-content\/uploads\/2016\/09\/12-230x168.jpg 230w, https:\/\/joseluisvittori.com\/wp-content\/uploads\/2016\/09\/12-350x256.jpg 350w, https:\/\/joseluisvittori.com\/wp-content\/uploads\/2016\/09\/12-480x351.jpg 480w\" sizes=\"(max-width: 1667px) 100vw, 1667px\" \/><br \/>\nExposici\u00f3n de Arte y Letras. Palabras de Jos\u00e9 Luis V\u00edttori. (06-09-98 &#8211; FOTO: Mercedes Pardo)<\/p>\n<p>&nbsp;<\/p>\n<p><img loading=\"lazy\" decoding=\"async\" class=\"size-full wp-image-206\" src=\"http:\/\/joseluisvittori.com\/wp-content\/uploads\/2016\/09\/14.jpg\" alt=\"JOSE LUIS VITTORI, FOTO LUIS CETRARO, 31-12-98, 13A-\" width=\"1879\" height=\"1285\" srcset=\"https:\/\/joseluisvittori.com\/wp-content\/uploads\/2016\/09\/14.jpg 1879w, https:\/\/joseluisvittori.com\/wp-content\/uploads\/2016\/09\/14-300x205.jpg 300w, https:\/\/joseluisvittori.com\/wp-content\/uploads\/2016\/09\/14-768x525.jpg 768w, https:\/\/joseluisvittori.com\/wp-content\/uploads\/2016\/09\/14-1024x700.jpg 1024w, https:\/\/joseluisvittori.com\/wp-content\/uploads\/2016\/09\/14-830x568.jpg 830w, https:\/\/joseluisvittori.com\/wp-content\/uploads\/2016\/09\/14-230x157.jpg 230w, https:\/\/joseluisvittori.com\/wp-content\/uploads\/2016\/09\/14-350x239.jpg 350w, https:\/\/joseluisvittori.com\/wp-content\/uploads\/2016\/09\/14-480x328.jpg 480w\" sizes=\"(max-width: 1879px) 100vw, 1879px\" \/><br \/>\nJos\u00e9 Luis V\u00edttori en su escritorio de trabajo. Foto: Luis Cetraro, 31-12-98)<\/p>\n<p>&nbsp;<\/p>\n<p><img loading=\"lazy\" decoding=\"async\" class=\"aligncenter wp-image-208\" src=\"http:\/\/joseluisvittori.com\/wp-content\/uploads\/2016\/09\/21.jpg\" alt=\"21\" width=\"1142\" height=\"872\" srcset=\"https:\/\/joseluisvittori.com\/wp-content\/uploads\/2016\/09\/21.jpg 984w, https:\/\/joseluisvittori.com\/wp-content\/uploads\/2016\/09\/21-300x229.jpg 300w, https:\/\/joseluisvittori.com\/wp-content\/uploads\/2016\/09\/21-768x586.jpg 768w, https:\/\/joseluisvittori.com\/wp-content\/uploads\/2016\/09\/21-830x633.jpg 830w, https:\/\/joseluisvittori.com\/wp-content\/uploads\/2016\/09\/21-230x176.jpg 230w, https:\/\/joseluisvittori.com\/wp-content\/uploads\/2016\/09\/21-350x267.jpg 350w, https:\/\/joseluisvittori.com\/wp-content\/uploads\/2016\/09\/21-480x366.jpg 480w\" sizes=\"(max-width: 1142px) 100vw, 1142px\" \/><\/p>\n<p>Danilo Dehoyorzabal, Fredy Heer, Gast\u00f3n Gori, Jos\u00e9 Luis V\u00edttori y Danilo Birri.<\/p>\n<p>&nbsp;<\/p>\n<p><img loading=\"lazy\" decoding=\"async\" class=\"size-full wp-image-209\" src=\"http:\/\/joseluisvittori.com\/wp-content\/uploads\/2016\/09\/22.jpg\" alt=\"CONF. DE JOSE LUIS VITTORI,5-08-99,PARDO 6A------\" width=\"1699\" height=\"1236\" srcset=\"https:\/\/joseluisvittori.com\/wp-content\/uploads\/2016\/09\/22.jpg 1699w, https:\/\/joseluisvittori.com\/wp-content\/uploads\/2016\/09\/22-300x218.jpg 300w, https:\/\/joseluisvittori.com\/wp-content\/uploads\/2016\/09\/22-768x559.jpg 768w, https:\/\/joseluisvittori.com\/wp-content\/uploads\/2016\/09\/22-1024x745.jpg 1024w, https:\/\/joseluisvittori.com\/wp-content\/uploads\/2016\/09\/22-830x604.jpg 830w, https:\/\/joseluisvittori.com\/wp-content\/uploads\/2016\/09\/22-550x400.jpg 550w, https:\/\/joseluisvittori.com\/wp-content\/uploads\/2016\/09\/22-230x167.jpg 230w, https:\/\/joseluisvittori.com\/wp-content\/uploads\/2016\/09\/22-350x255.jpg 350w, https:\/\/joseluisvittori.com\/wp-content\/uploads\/2016\/09\/22-480x349.jpg 480w\" sizes=\"(max-width: 1699px) 100vw, 1699px\" \/><br \/>\nJos\u00e9 Luis V\u00edttori \u00a0y Reynoso Aldao. (Foto: Mercedes Pardo)<\/p>\n<p>&nbsp;<\/p>\n<p><img loading=\"lazy\" decoding=\"async\" class=\"size-full wp-image-207\" src=\"http:\/\/joseluisvittori.com\/wp-content\/uploads\/2016\/09\/20.jpg\" alt=\"FOTO M. PARDO, BODAS DE ORO J. LUIS VITTORI, 31-10-00, 7---\" width=\"1417\" height=\"1187\" srcset=\"https:\/\/joseluisvittori.com\/wp-content\/uploads\/2016\/09\/20.jpg 1417w, https:\/\/joseluisvittori.com\/wp-content\/uploads\/2016\/09\/20-300x251.jpg 300w, https:\/\/joseluisvittori.com\/wp-content\/uploads\/2016\/09\/20-768x643.jpg 768w, https:\/\/joseluisvittori.com\/wp-content\/uploads\/2016\/09\/20-1024x858.jpg 1024w, https:\/\/joseluisvittori.com\/wp-content\/uploads\/2016\/09\/20-830x695.jpg 830w, https:\/\/joseluisvittori.com\/wp-content\/uploads\/2016\/09\/20-230x193.jpg 230w, https:\/\/joseluisvittori.com\/wp-content\/uploads\/2016\/09\/20-350x293.jpg 350w, https:\/\/joseluisvittori.com\/wp-content\/uploads\/2016\/09\/20-480x402.jpg 480w\" sizes=\"(max-width: 1417px) 100vw, 1417px\" \/><br \/>\nJos\u00e9 Luis y su esposa Raquel en sus Bodas de Oro junto a su familia: Juan Manuel V\u00edttori, Silvia Villaggi de V\u00edttori, Manuel P. V\u00edttori, Mar\u00eda V\u00edttori y Agustina V\u00edttori. (Foto: Mercedes Pardo &#8211; 31-10-2000)<\/p>\n<p>&nbsp;<\/p>\n<p><img loading=\"lazy\" decoding=\"async\" class=\"size-full wp-image-82\" src=\"http:\/\/joseluisvittori.com\/wp-content\/uploads\/2016\/09\/abuelo3.jpg\" alt=\"JOSE LUIS VITTORI, FOTO LUIS CETRARO, 31-12-98, 21A-\" width=\"1747\" height=\"1219\" srcset=\"https:\/\/joseluisvittori.com\/wp-content\/uploads\/2016\/09\/abuelo3.jpg 1747w, https:\/\/joseluisvittori.com\/wp-content\/uploads\/2016\/09\/abuelo3-300x209.jpg 300w, https:\/\/joseluisvittori.com\/wp-content\/uploads\/2016\/09\/abuelo3-768x536.jpg 768w, https:\/\/joseluisvittori.com\/wp-content\/uploads\/2016\/09\/abuelo3-1024x715.jpg 1024w, https:\/\/joseluisvittori.com\/wp-content\/uploads\/2016\/09\/abuelo3-830x579.jpg 830w, https:\/\/joseluisvittori.com\/wp-content\/uploads\/2016\/09\/abuelo3-230x160.jpg 230w, https:\/\/joseluisvittori.com\/wp-content\/uploads\/2016\/09\/abuelo3-350x244.jpg 350w, https:\/\/joseluisvittori.com\/wp-content\/uploads\/2016\/09\/abuelo3-480x335.jpg 480w\" sizes=\"(max-width: 1747px) 100vw, 1747px\" \/><br \/>\nJos\u00e9 Luis V\u00edttori junto a su mujer, Raquel G\u00f3mez de\u00a0V\u00edttori. (Imagen tomada el 31 de diciembre de 1998 por Luis Cetraro)<\/p>\n<p>&nbsp;<\/p>\n","protected":false},"excerpt":{"rendered":"<p>&nbsp; Reuni\u00f3n en Casa del Dr. Brasco Font, Grupos: &#8220;ESPADALIRIO&#8221; [E.L.], &#8220;RETABLILLO de Maese Pedro&#8221; [R.M.P.] Y &#8220;ASOCIACI\u00d3N de Ciencias, Letras Y Artes&#8221; [ACLA]. Parados de izq. a der. Emilio Leiva [R.M.P.], Carlos Morales [R.M.P.], Neda Costa Vici [R.M.P.], Jos\u00e9 Luis V\u00edttori [ACLA], Neri Milesi [R.M.P.] Francisco Margno [ACLA] Blaca Cassutti [R.M.P.] Fernando Birri [R.M.P. [&hellip;]<\/p>\n","protected":false},"author":1,"featured_media":0,"parent":22,"menu_order":1,"comment_status":"closed","ping_status":"closed","template":"page-templates\/page_fullwidth.php","meta":{"footnotes":""},"_links":{"self":[{"href":"https:\/\/joseluisvittori.com\/index.php?rest_route=\/wp\/v2\/pages\/67"}],"collection":[{"href":"https:\/\/joseluisvittori.com\/index.php?rest_route=\/wp\/v2\/pages"}],"about":[{"href":"https:\/\/joseluisvittori.com\/index.php?rest_route=\/wp\/v2\/types\/page"}],"author":[{"embeddable":true,"href":"https:\/\/joseluisvittori.com\/index.php?rest_route=\/wp\/v2\/users\/1"}],"replies":[{"embeddable":true,"href":"https:\/\/joseluisvittori.com\/index.php?rest_route=%2Fwp%2Fv2%2Fcomments&post=67"}],"version-history":[{"count":10,"href":"https:\/\/joseluisvittori.com\/index.php?rest_route=\/wp\/v2\/pages\/67\/revisions"}],"predecessor-version":[{"id":222,"href":"https:\/\/joseluisvittori.com\/index.php?rest_route=\/wp\/v2\/pages\/67\/revisions\/222"}],"up":[{"embeddable":true,"href":"https:\/\/joseluisvittori.com\/index.php?rest_route=\/wp\/v2\/pages\/22"}],"wp:attachment":[{"href":"https:\/\/joseluisvittori.com\/index.php?rest_route=%2Fwp%2Fv2%2Fmedia&parent=67"}],"curies":[{"name":"wp","href":"https:\/\/api.w.org\/{rel}","templated":true}]}}