{"id":71,"date":"2016-09-09T20:25:45","date_gmt":"2016-09-09T23:25:45","guid":{"rendered":"http:\/\/joseluisvittori.com\/?page_id=71"},"modified":"2016-09-29T19:49:20","modified_gmt":"2016-09-29T22:49:20","slug":"textos","status":"publish","type":"page","link":"https:\/\/joseluisvittori.com\/?page_id=71","title":{"rendered":"TEXTOS"},"content":{"rendered":"<h4>De Jos\u00e9 Luis V\u00edttori:<\/h4>\n<figure id=\"attachment_216\" aria-describedby=\"caption-attachment-216\" style=\"width: 398px\" class=\"wp-caption alignright\"><img loading=\"lazy\" decoding=\"async\" class=\" wp-image-216\" src=\"http:\/\/joseluisvittori.com\/wp-content\/uploads\/2016\/09\/8.jpg\" alt=\"Foto: Alejandro Villar\" width=\"398\" height=\"503\" srcset=\"https:\/\/joseluisvittori.com\/wp-content\/uploads\/2016\/09\/8.jpg 1277w, https:\/\/joseluisvittori.com\/wp-content\/uploads\/2016\/09\/8-237x300.jpg 237w, https:\/\/joseluisvittori.com\/wp-content\/uploads\/2016\/09\/8-768x971.jpg 768w, https:\/\/joseluisvittori.com\/wp-content\/uploads\/2016\/09\/8-810x1024.jpg 810w, https:\/\/joseluisvittori.com\/wp-content\/uploads\/2016\/09\/8-830x1050.jpg 830w, https:\/\/joseluisvittori.com\/wp-content\/uploads\/2016\/09\/8-230x291.jpg 230w, https:\/\/joseluisvittori.com\/wp-content\/uploads\/2016\/09\/8-350x443.jpg 350w, https:\/\/joseluisvittori.com\/wp-content\/uploads\/2016\/09\/8-480x607.jpg 480w\" sizes=\"(max-width: 398px) 100vw, 398px\" \/><figcaption id=\"caption-attachment-216\" class=\"wp-caption-text\">Foto: Alejandro Villar<\/figcaption><\/figure>\n<p>&#8220;<a href=\"http:\/\/www.santafe.gov.ar\/hemerotecadigital\/diario\/21658\/?page=13&amp;zl=3&amp;xp=-620&amp;yp=-325\" target=\"_blank\">Amanecer y ocaso del mito<\/a>&#8221; &#8211;\u00a0Jos\u00e9 Luis V\u00edttori para El Litoral (Mi\u00e9rcoles 31 de Diciembre de 1947)<\/p>\n<p>&#8220;<a href=\"http:\/\/www.santafe.gov.ar\/hemerotecadigital\/diario\/21874\/?page=9&amp;zl=4&amp;xp=-2348&amp;yp=-732\" target=\"_blank\">El complejo sue\u00f1o de la humanidad primitiva<\/a>&#8221; &#8211; Jos\u00e9 Luis V\u00edttori para El Litoral (S\u00e1bado 7 de Agosto de 1948)<\/p>\n<p>&#8220;<a href=\"http:\/\/www.santafe.gov.ar\/hemerotecadigital\/diario\/24165\/?page=2&amp;zl=3&amp;xp=-680&amp;yp=-585\" target=\"_blank\">D\u00edas de infancia<\/a>&#8221;\u00a0&#8211; Jos\u00e9 Luis V\u00edttori para El Litoral (Domingo 9 de Enero de 1955)<\/p>\n<p>&#8220;<a href=\"http:\/\/www.santafe.gov.ar\/hemerotecadigital\/diario\/24513\/?page=7&amp;zl=4&amp;xp=-1499&amp;yp=-846\" target=\"_blank\">El Raigon<\/a>&#8221; &#8211;\u00a0 Jos\u00e9 Luis V\u00edttori para El Litoral (S\u00e1bado 31 de Diciembre de 1955)<\/p>\n<p>&#8220;<a href=\"http:\/\/www.santafe.gov.ar\/hemerotecadigital\/diario\/24853\/?page=6&amp;zl=3&amp;xp=-598&amp;yp=-707\" target=\"_blank\">Tres cuentos casi fant\u00e1sticos<\/a>&#8221; (&#8220;La hormiga&#8221;, &#8220;El regreso&#8221; y &#8220;El soldador de ata\u00fades&#8221;) &#8211;\u00a0Jos\u00e9 Luis V\u00edttori para El Litoral (Lunes 31 de Diciembre de 1956)<\/p>\n<p>&#8220;<a href=\"http:\/\/www.santafe.gov.ar\/hemerotecadigital\/diario\/25001\/?page=5&amp;zl=3&amp;xp=-954&amp;yp=-535\" target=\"_blank\">El agua<\/a>&#8221; &#8211;\u00a0Jos\u00e9 Luis V\u00edttori para El Litoral (Domingo 2 de Junio de 1957)<\/p>\n<p>&#8220;<a href=\"http:\/\/www.santafe.gov.ar\/hemerotecadigital\/diario\/25203\/?page=18&amp;zl=3&amp;xp=-579&amp;yp=-325\" target=\"_blank\">La carta<\/a>&#8221;\u00a0&#8211;\u00a0Jos\u00e9 Luis V\u00edttori para El Litoral (Martes 24 de Diciembre de 1957)<\/p>\n<p>&#8220;<a href=\"http:\/\/www.santafe.gov.ar\/hemerotecadigital\/diario\/25422\/?page=35&amp;zl=3&amp;xp=-624&amp;yp=-321\" target=\"_blank\">El desdoblamiento<\/a>&#8221;\u00a0&#8211;\u00a0Jos\u00e9 Luis V\u00edttori para El Litoral (Mi\u00e9rcoles 6 de Agosto de 1958)<\/p>\n<p>&#8220;<a href=\"http:\/\/www.santafe.gov.ar\/hemerotecadigital\/diario\/25635\/?page=4&amp;zl=3&amp;xp=-620&amp;yp=-335\" target=\"_blank\">Nudos<\/a>&#8221; &#8211;\u00a0Jos\u00e9 Luis V\u00edttori para El Litoral (Domingo 15 de Marzo de 1959)<\/p>\n<p>&#8220;<a href=\"http:\/\/www.santafe.gov.ar\/hemerotecadigital\/diario\/26261\/?page=4&amp;zl=3&amp;xp=-537&amp;yp=-343\" target=\"_blank\">Apuntes sobre la cultura alemana<\/a>&#8221; &#8211;\u00a0Jos\u00e9 Luis V\u00edttori para El Litoral (Domingo 18 de Diciembre de 1960)<\/p>\n<p>&#8220;<a href=\"http:\/\/www.santafe.gov.ar\/hemerotecadigital\/diario\/27685\/?page=6&amp;zl=3&amp;xp=-615&amp;yp=-291\" target=\"_blank\">Por una literatura del <em>voseo<\/em><\/a>&#8221; &#8211;\u00a0Jos\u00e9 Luis V\u00edttori para El Litoral (Domingo 15 de Noviembre de 1964)<\/p>\n<p>&#8220;<a href=\"http:\/\/www.santafe.gov.ar\/hemerotecadigital\/diario\/30303\/?page=5&amp;zl=3&amp;xp=-517&amp;yp=-368\" target=\"_blank\">Verdad y autenticidad en la poes\u00eda de Juan L. Ortiz<\/a>&#8221; &#8211;\u00a0Jos\u00e9 Luis V\u00edttori para El Litoral (Lunes 24 de Abril de 1972)<\/p>\n<p>&#8220;<a href=\"http:\/\/www.santafe.gov.ar\/hemerotecadigital\/diario\/31448\/?page=3&amp;zl=3&amp;xp=-536&amp;yp=-313\" target=\"_blank\">A veinte a\u00f1os de <em>Trabajos-1<\/em><\/a>&#8221; &#8211;\u00a0Jos\u00e9 Luis V\u00edttori para El Litoral (S\u00e1bado 9 de Agosto de 1975)<\/p>\n<p>&#8220;<a href=\"http:\/\/www.santafe.gov.ar\/hemerotecadigital\/diario\/31820\/?page=9&amp;zl=3&amp;xp=-562&amp;yp=-311\" target=\"_blank\">Edelweis Serra y el cosmos de la palabra en el mensaje po\u00e9tico de Juan L. Ortiz<\/a>&#8221; &#8211;\u00a0Jos\u00e9 Luis V\u00edttori para El Litoral (Mi\u00e9rcoles 1 de Septiembre de 1976)<\/p>\n<p>&#8220;<a href=\"http:\/\/www.santafe.gov.ar\/hemerotecadigital\/diario\/32220\/?page=5&amp;zl=3&amp;xp=-528&amp;yp=-292\" target=\"_blank\"><em>Adverbio<\/em> 25 a\u00f1os despu\u00e9s<\/a>&#8221; &#8211;\u00a0Jos\u00e9 Luis V\u00edttori para El Litoral (Domingo 16 de Octubre de 1977)<\/p>\n<p>&#8220;<a href=\"http:\/\/www.santafe.gov.ar\/hemerotecadigital\/diario\/32505\/?page=8&amp;zl=3&amp;xp=-602&amp;yp=-317\" target=\"_blank\"><em>Ediciones El Litoral<\/em>: Hito entre una y otra generaci\u00f3n de escritores<\/a>&#8221; &#8211;\u00a0Jos\u00e9 Luis V\u00edttori para El Litoral (Domingo 6 de Agosto de 1978)<\/p>\n<p>&#8220;<a href=\"http:\/\/www.santafe.gov.ar\/hemerotecadigital\/diario\/32606\/?page=6&amp;zl=3&amp;xp=-515&amp;yp=-1257\" target=\"_blank\">Un libro de Castelli<\/a>&#8221;\u00a0&#8211;\u00a0Jos\u00e9 Luis V\u00edttori para El Litoral (Viernes 17 de Noviembre de 1978)<\/p>\n<p>&#8220;<a href=\"http:\/\/www.santafe.gov.ar\/hemerotecadigital\/diario\/32648\/?page=10&amp;zl=3&amp;xp=-618.5&amp;yp=-322.5\" target=\"_blank\">Literatura: Lo universal desde la regi\u00f3n<\/a>&#8221; &#8211;\u00a0Jos\u00e9 Luis V\u00edttori para El Litoral (S\u00e1bado 30 de Diciembre de 1978)<\/p>\n<p>&nbsp;<\/p>\n<h4>Sobre Jos\u00e9 Luis V\u00edttori:<\/h4>\n<p><a href=\"http:\/\/joseluisvittori.com\/wp-content\/uploads\/2016\/09\/Vittori-1.jpg\" target=\"_blank\"><img loading=\"lazy\" decoding=\"async\" class=\"alignleft wp-image-112\" src=\"http:\/\/joseluisvittori.com\/wp-content\/uploads\/2016\/09\/Vittori-1.jpg\" alt=\"Vittori 1\" width=\"340\" height=\"443\" srcset=\"https:\/\/joseluisvittori.com\/wp-content\/uploads\/2016\/09\/Vittori-1.jpg 1691w, https:\/\/joseluisvittori.com\/wp-content\/uploads\/2016\/09\/Vittori-1-230x300.jpg 230w, https:\/\/joseluisvittori.com\/wp-content\/uploads\/2016\/09\/Vittori-1-768x1001.jpg 768w, https:\/\/joseluisvittori.com\/wp-content\/uploads\/2016\/09\/Vittori-1-786x1024.jpg 786w, https:\/\/joseluisvittori.com\/wp-content\/uploads\/2016\/09\/Vittori-1-830x1081.jpg 830w, https:\/\/joseluisvittori.com\/wp-content\/uploads\/2016\/09\/Vittori-1-350x456.jpg 350w, https:\/\/joseluisvittori.com\/wp-content\/uploads\/2016\/09\/Vittori-1-480x625.jpg 480w\" sizes=\"(max-width: 340px) 100vw, 340px\" \/><\/a><a href=\"http:\/\/www.santafe.gov.ar\/hemerotecadigital\/diario\/30921\/?page=5&amp;zl=3&amp;xp=-573&amp;yp=-364\" target=\"_blank\">Art\u00edculo acerca\u00a0del libro &#8220;Imago Mundi&#8221;<\/a> &#8211; El Litoral. Martes 29 de Enero de 1974<\/p>\n<p><a href=\"https:\/\/books.google.com.ar\/books?id=6_4GMnj3WkMC&amp;pg=PA92&amp;dq=jose+luis+vittori&amp;hl=es&amp;sa=X&amp;ved=0ahUKEwiCr8uZhoXPAhVIk5AKHXepC-sQ6AEIIzAA#v=onepage&amp;q=jose%20luis%20vittori&amp;f=false\" target=\"_blank\">Las Provincias y su literatura: Santa Fe : antolog\u00eda<\/a>\u00a0&#8211; Escrito por Stella Maris Alliani<\/p>\n<p><a href=\"http:\/\/nidiaorbea.com.ar\/2014\/11\/04\/universo-vittoriano-2000-obra-de-jose-luis-vittori\/\" target=\"_blank\">Universo Vittoriano<\/a>\u00a0&#8211; Aproximaci\u00f3n a la obra literaria de Jos\u00e9 Luis V\u00edttori.<\/p>\n<p><a href=\"http:\/\/joseluisvittori.com\/wp-content\/uploads\/2016\/09\/Creadores-Santafesinos-Jos\u00e9-Luis-V\u00edttori-1.pdf\" target=\"_blank\" rel=\"\">Creadores Santafesinos &#8211; Jos\u00e9 Luis V\u00edttori<\/a>\u00a0&#8211; Autor Enrique M. Butti<\/p>\n<p><a href=\"http:\/\/www.cehsf.ceride.gov.ar\/america_15\/14-maturo_vittori.html\" target=\"_blank\">Jos\u00e9 Luis V\u00edttori, Lector y cronista rioplatense<\/a> &#8211; por Graciela Maturo<\/p>\n<p><a href=\"http:\/\/joseluisvittori.com\/wp-content\/uploads\/2016\/09\/Revista-Am\u00e9rica-24-Edici\u00f3n-en-homenaje-a-Jos\u00e9-Luis-V\u00edttori.pdf\" target=\"_blank\" rel=\"\">Revista Am\u00e9rica 24 &#8211; Edici\u00f3n en homenaje a Jos\u00e9 Luis V\u00edttori<\/a>\u00a0&#8211;\u00a0Por el Centro de Estudios Hispanoamericanos<\/p>\n<p><a href=\"http:\/\/joseluisvittori.com\/wp-content\/uploads\/2016\/09\/Jos\u00e9-Luis-V\u00edttori-Dimensi\u00f3n-m\u00edtica-de-su-saga-fluvial.pdf\" target=\"_blank\" rel=\"\">Jos\u00e9 Luis V\u00edttori &#8211; Dimensi\u00f3n m\u00edtica de su saga fluvial<\/a>\u00a0&#8211; por Eugenio Castelli<\/p>\n<p>&nbsp;<\/p>\n<p>&nbsp;<\/p>\n<p>&nbsp;<\/p>\n<p>&nbsp;<\/p>\n","protected":false},"excerpt":{"rendered":"<p>De Jos\u00e9 Luis V\u00edttori: &#8220;Amanecer y ocaso del mito&#8221; &#8211;\u00a0Jos\u00e9 Luis V\u00edttori para El Litoral (Mi\u00e9rcoles 31 de Diciembre de 1947) &#8220;El complejo sue\u00f1o de la humanidad primitiva&#8221; &#8211; Jos\u00e9 Luis V\u00edttori para El Litoral (S\u00e1bado 7 de Agosto de 1948) &#8220;D\u00edas de infancia&#8221;\u00a0&#8211; Jos\u00e9 Luis V\u00edttori para El Litoral (Domingo 9 de Enero de [&hellip;]<\/p>\n","protected":false},"author":1,"featured_media":0,"parent":22,"menu_order":3,"comment_status":"closed","ping_status":"closed","template":"page-templates\/page_fullwidth.php","meta":{"footnotes":""},"_links":{"self":[{"href":"https:\/\/joseluisvittori.com\/index.php?rest_route=\/wp\/v2\/pages\/71"}],"collection":[{"href":"https:\/\/joseluisvittori.com\/index.php?rest_route=\/wp\/v2\/pages"}],"about":[{"href":"https:\/\/joseluisvittori.com\/index.php?rest_route=\/wp\/v2\/types\/page"}],"author":[{"embeddable":true,"href":"https:\/\/joseluisvittori.com\/index.php?rest_route=\/wp\/v2\/users\/1"}],"replies":[{"embeddable":true,"href":"https:\/\/joseluisvittori.com\/index.php?rest_route=%2Fwp%2Fv2%2Fcomments&post=71"}],"version-history":[{"count":24,"href":"https:\/\/joseluisvittori.com\/index.php?rest_route=\/wp\/v2\/pages\/71\/revisions"}],"predecessor-version":[{"id":370,"href":"https:\/\/joseluisvittori.com\/index.php?rest_route=\/wp\/v2\/pages\/71\/revisions\/370"}],"up":[{"embeddable":true,"href":"https:\/\/joseluisvittori.com\/index.php?rest_route=\/wp\/v2\/pages\/22"}],"wp:attachment":[{"href":"https:\/\/joseluisvittori.com\/index.php?rest_route=%2Fwp%2Fv2%2Fmedia&parent=71"}],"curies":[{"name":"wp","href":"https:\/\/api.w.org\/{rel}","templated":true}]}}